{"id":5134,"date":"2022-02-17T10:52:24","date_gmt":"2022-02-17T09:52:24","guid":{"rendered":"https:\/\/l33t.digital\/noformat\/?page_id=5134"},"modified":"2022-02-17T11:02:28","modified_gmt":"2022-02-17T10:02:28","slug":"eksterijeri","status":"publish","type":"page","link":"https:\/\/l33t.digital\/noformat\/hr\/eksterijeri\/","title":{"rendered":"Eksterijeri"},"content":{"rendered":"<div class=\"wpb-content-wrapper\"><p>[vc_row full_width=&#8221;stretch_row_content&#8221; uniqid=&#8221;5f54f000f62d7&#8243;][vc_column][vc_custom_heading text=&#8221;Eksterijeri&#8221; font_container=&#8221;tag:h1|text_align:center&#8221; use_theme_fonts=&#8221;yes&#8221; decor_line=&#8221;on&#8221;][vc_empty_space]\r\n\t\t<div class=\"portfolio-block portfolio-block-59c3651ca7662 popup-gallery\" data-popup-settings=\"{&quot;popupTitle&quot;:false,&quot;popupDesc&quot;:false}\">\r\n\t\t\t\t\t\t\t\t\t\t\t<div class=\"portfolio-items portfolio-type-masonry load-wrap portfolio_hover_type_2 row\">\r\n\t\t\t\t\t\t\t<article class=\"portfolio-item col-12 col-sm-4 col-lg-3 portfolio-masonry-item category-16 popup-item image-center\">\r\n\t\t\t<div class=\"wrap\">\r\n\t\t\t\t\t\t\t\t\t<div class=\"a-img\">\r\n            <img width=\"1920\" height=\"1920\" src=\"https:\/\/l33t.digital\/noformat\/wp-content\/uploads\/2023\/02\/e1.jpg\" class=\"attachment-full size-full\" alt=\"\" decoding=\"async\" loading=\"lazy\" srcset=\"https:\/\/l33t.digital\/noformat\/wp-content\/uploads\/2023\/02\/e1.jpg 1920w, https:\/\/l33t.digital\/noformat\/wp-content\/uploads\/2023\/02\/e1-300x300.jpg 300w, https:\/\/l33t.digital\/noformat\/wp-content\/uploads\/2023\/02\/e1-1024x1024.jpg 1024w, https:\/\/l33t.digital\/noformat\/wp-content\/uploads\/2023\/02\/e1-150x150.jpg 150w, https:\/\/l33t.digital\/noformat\/wp-content\/uploads\/2023\/02\/e1-768x768.jpg 768w, https:\/\/l33t.digital\/noformat\/wp-content\/uploads\/2023\/02\/e1-1536x1536.jpg 1536w, https:\/\/l33t.digital\/noformat\/wp-content\/uploads\/2023\/02\/e1-70x70.jpg 70w\" sizes=\"(max-width: 1920px) 100vw, 1920px\" \/>                      <\/div>\r\n\t\t\t\t\t\t\t\t<div class=\"content\">\r\n\t\t\t\t\t\t\t\t<h5>3D vizualizacija eksterijera KFK Headquarters, Zagreb<\/h5>\r\n\t\t\t\t\t\t\t\t\t\t\t<\/div>\r\n                  <a class=\"link\" href=\"#\" data-popup-json=\"{&quot;title&quot;:&quot;3D vizualizacija eksterijera KFK Headquarters, Zagreb&quot;,&quot;desc&quot;:false,&quot;image&quot;:{&quot;url&quot;:&quot;https:\\\/\\\/l33t.digital\\\/noformat\\\/wp-content\\\/uploads\\\/2023\\\/02\\\/e1.jpg&quot;,&quot;w&quot;:1920,&quot;h&quot;:1920},&quot;post_id&quot;:6751,&quot;likes&quot;:0,&quot;projectLink&quot;:&quot;https:\\\/\\\/l33t.digital\\\/noformat\\\/hr\\\/pt-portfolio\\\/3d-vizualizacija-eksterijera-kfk-headquarters-zagreb\\\/&quot;,&quot;projectLinkTarget&quot;:&quot;_self&quot;}\" data-id=\"0\" ><\/a>        \t\t\t<\/div>\r\n\t\t<\/article>\r\n\t\t\t\t<article class=\"portfolio-item col-12 col-sm-4 col-lg-3 portfolio-masonry-item category-16 popup-item image-center\">\r\n\t\t\t<div class=\"wrap\">\r\n\t\t\t\t\t\t\t\t\t<div class=\"a-img\">\r\n            <img width=\"1920\" height=\"1920\" src=\"https:\/\/l33t.digital\/noformat\/wp-content\/uploads\/2023\/02\/e3.jpg\" class=\"attachment-full size-full\" alt=\"\" decoding=\"async\" loading=\"lazy\" srcset=\"https:\/\/l33t.digital\/noformat\/wp-content\/uploads\/2023\/02\/e3.jpg 1920w, https:\/\/l33t.digital\/noformat\/wp-content\/uploads\/2023\/02\/e3-300x300.jpg 300w, https:\/\/l33t.digital\/noformat\/wp-content\/uploads\/2023\/02\/e3-1024x1024.jpg 1024w, https:\/\/l33t.digital\/noformat\/wp-content\/uploads\/2023\/02\/e3-150x150.jpg 150w, https:\/\/l33t.digital\/noformat\/wp-content\/uploads\/2023\/02\/e3-768x768.jpg 768w, https:\/\/l33t.digital\/noformat\/wp-content\/uploads\/2023\/02\/e3-1536x1536.jpg 1536w, https:\/\/l33t.digital\/noformat\/wp-content\/uploads\/2023\/02\/e3-70x70.jpg 70w\" sizes=\"(max-width: 1920px) 100vw, 1920px\" \/>                      <\/div>\r\n\t\t\t\t\t\t\t\t<div class=\"content\">\r\n\t\t\t\t\t\t\t\t<h5>3D vizualizacija eksterijera KFK Headquarters, Zagreb<\/h5>\r\n\t\t\t\t\t\t\t\t\t\t\t<\/div>\r\n                  <a class=\"link\" href=\"#\" data-popup-json=\"{&quot;title&quot;:&quot;3D vizualizacija eksterijera KFK Headquarters, Zagreb&quot;,&quot;desc&quot;:false,&quot;image&quot;:{&quot;url&quot;:&quot;https:\\\/\\\/l33t.digital\\\/noformat\\\/wp-content\\\/uploads\\\/2023\\\/02\\\/e3.jpg&quot;,&quot;w&quot;:1920,&quot;h&quot;:1920},&quot;post_id&quot;:6759,&quot;likes&quot;:0,&quot;projectLink&quot;:&quot;https:\\\/\\\/l33t.digital\\\/noformat\\\/hr\\\/pt-portfolio\\\/3d-vizualizacija-eksterijera-kfk-headquarters-zagreb-3\\\/&quot;,&quot;projectLinkTarget&quot;:&quot;_self&quot;}\" data-id=\"1\" ><\/a>        \t\t\t<\/div>\r\n\t\t<\/article>\r\n\t\t\t\t<article class=\"portfolio-item col-12 col-sm-4 col-lg-3 portfolio-masonry-item category-16 popup-item image-center\">\r\n\t\t\t<div class=\"wrap\">\r\n\t\t\t\t\t\t\t\t\t<div class=\"a-img\">\r\n            <img width=\"1920\" height=\"1920\" src=\"https:\/\/l33t.digital\/noformat\/wp-content\/uploads\/2023\/02\/e2.jpg\" class=\"attachment-full size-full\" alt=\"\" decoding=\"async\" loading=\"lazy\" srcset=\"https:\/\/l33t.digital\/noformat\/wp-content\/uploads\/2023\/02\/e2.jpg 1920w, https:\/\/l33t.digital\/noformat\/wp-content\/uploads\/2023\/02\/e2-300x300.jpg 300w, https:\/\/l33t.digital\/noformat\/wp-content\/uploads\/2023\/02\/e2-1024x1024.jpg 1024w, https:\/\/l33t.digital\/noformat\/wp-content\/uploads\/2023\/02\/e2-150x150.jpg 150w, https:\/\/l33t.digital\/noformat\/wp-content\/uploads\/2023\/02\/e2-768x768.jpg 768w, https:\/\/l33t.digital\/noformat\/wp-content\/uploads\/2023\/02\/e2-1536x1536.jpg 1536w, https:\/\/l33t.digital\/noformat\/wp-content\/uploads\/2023\/02\/e2-70x70.jpg 70w\" sizes=\"(max-width: 1920px) 100vw, 1920px\" \/>                      <\/div>\r\n\t\t\t\t\t\t\t\t<div class=\"content\">\r\n\t\t\t\t\t\t\t\t<h5>3D vizualizacija eksterijera KFK Headquarters, Zagreb<\/h5>\r\n\t\t\t\t\t\t\t\t\t\t\t<\/div>\r\n                  <a class=\"link\" href=\"#\" data-popup-json=\"{&quot;title&quot;:&quot;3D vizualizacija eksterijera KFK Headquarters, Zagreb&quot;,&quot;desc&quot;:false,&quot;image&quot;:{&quot;url&quot;:&quot;https:\\\/\\\/l33t.digital\\\/noformat\\\/wp-content\\\/uploads\\\/2023\\\/02\\\/e2.jpg&quot;,&quot;w&quot;:1920,&quot;h&quot;:1920},&quot;post_id&quot;:6758,&quot;likes&quot;:0,&quot;projectLink&quot;:&quot;https:\\\/\\\/l33t.digital\\\/noformat\\\/hr\\\/pt-portfolio\\\/3d-vizualizacija-eksterijera-kfk-headquarters-zagreb-2\\\/&quot;,&quot;projectLinkTarget&quot;:&quot;_self&quot;}\" data-id=\"2\" ><\/a>        \t\t\t<\/div>\r\n\t\t<\/article>\r\n\t\t\t\t<article class=\"portfolio-item col-12 col-sm-4 col-lg-3 portfolio-masonry-item category-16 popup-item image-center\">\r\n\t\t\t<div class=\"wrap\">\r\n\t\t\t\t\t\t\t\t\t<div class=\"a-img\">\r\n            <img width=\"1920\" height=\"1478\" src=\"https:\/\/l33t.digital\/noformat\/wp-content\/uploads\/2023\/02\/5.jpg\" class=\"attachment-full size-full\" alt=\"\" decoding=\"async\" loading=\"lazy\" srcset=\"https:\/\/l33t.digital\/noformat\/wp-content\/uploads\/2023\/02\/5.jpg 1920w, https:\/\/l33t.digital\/noformat\/wp-content\/uploads\/2023\/02\/5-300x231.jpg 300w, https:\/\/l33t.digital\/noformat\/wp-content\/uploads\/2023\/02\/5-1024x788.jpg 1024w, https:\/\/l33t.digital\/noformat\/wp-content\/uploads\/2023\/02\/5-768x591.jpg 768w, https:\/\/l33t.digital\/noformat\/wp-content\/uploads\/2023\/02\/5-1536x1182.jpg 1536w, https:\/\/l33t.digital\/noformat\/wp-content\/uploads\/2023\/02\/5-70x54.jpg 70w\" sizes=\"(max-width: 1920px) 100vw, 1920px\" \/>                      <\/div>\r\n\t\t\t\t\t\t\t\t<div class=\"content\">\r\n\t\t\t\t\t\t\t\t<h5>3D vizualizacija eksterijera vile, Rosenheim, Njema\u010dka<\/h5>\r\n\t\t\t\t\t\t\t\t\t\t\t<\/div>\r\n                  <a class=\"link\" href=\"#\" data-popup-json=\"{&quot;title&quot;:&quot;3D vizualizacija eksterijera vile, Rosenheim, Njema\\u010dka&quot;,&quot;desc&quot;:false,&quot;image&quot;:{&quot;url&quot;:&quot;https:\\\/\\\/l33t.digital\\\/noformat\\\/wp-content\\\/uploads\\\/2023\\\/02\\\/5.jpg&quot;,&quot;w&quot;:1920,&quot;h&quot;:1478},&quot;post_id&quot;:6768,&quot;likes&quot;:0,&quot;projectLink&quot;:&quot;https:\\\/\\\/l33t.digital\\\/noformat\\\/hr\\\/pt-portfolio\\\/3d-vizualizacija-eksterijera-vile-rosenheim-njemacka-3\\\/&quot;,&quot;projectLinkTarget&quot;:&quot;_self&quot;}\" data-id=\"3\" ><\/a>        \t\t\t<\/div>\r\n\t\t<\/article>\r\n\t\t\t\t<article class=\"portfolio-item col-12 col-sm-4 col-lg-3 portfolio-masonry-item category-16 popup-item image-center\">\r\n\t\t\t<div class=\"wrap\">\r\n\t\t\t\t\t\t\t\t\t<div class=\"a-img\">\r\n            <img width=\"1920\" height=\"1478\" src=\"https:\/\/l33t.digital\/noformat\/wp-content\/uploads\/2023\/02\/3.jpg\" class=\"attachment-full size-full\" alt=\"\" decoding=\"async\" loading=\"lazy\" srcset=\"https:\/\/l33t.digital\/noformat\/wp-content\/uploads\/2023\/02\/3.jpg 1920w, https:\/\/l33t.digital\/noformat\/wp-content\/uploads\/2023\/02\/3-300x231.jpg 300w, https:\/\/l33t.digital\/noformat\/wp-content\/uploads\/2023\/02\/3-1024x788.jpg 1024w, https:\/\/l33t.digital\/noformat\/wp-content\/uploads\/2023\/02\/3-768x591.jpg 768w, https:\/\/l33t.digital\/noformat\/wp-content\/uploads\/2023\/02\/3-1536x1182.jpg 1536w, https:\/\/l33t.digital\/noformat\/wp-content\/uploads\/2023\/02\/3-70x54.jpg 70w\" sizes=\"(max-width: 1920px) 100vw, 1920px\" \/>                      <\/div>\r\n\t\t\t\t\t\t\t\t<div class=\"content\">\r\n\t\t\t\t\t\t\t\t<h5>3D vizualizacija eksterijera vile, Rosenheim, Njema\u010dka<\/h5>\r\n\t\t\t\t\t\t\t\t\t\t\t<\/div>\r\n                  <a class=\"link\" href=\"#\" data-popup-json=\"{&quot;title&quot;:&quot;3D vizualizacija eksterijera vile, Rosenheim, Njema\\u010dka&quot;,&quot;desc&quot;:false,&quot;image&quot;:{&quot;url&quot;:&quot;https:\\\/\\\/l33t.digital\\\/noformat\\\/wp-content\\\/uploads\\\/2023\\\/02\\\/3.jpg&quot;,&quot;w&quot;:1920,&quot;h&quot;:1478},&quot;post_id&quot;:6767,&quot;likes&quot;:0,&quot;projectLink&quot;:&quot;https:\\\/\\\/l33t.digital\\\/noformat\\\/hr\\\/pt-portfolio\\\/3d-vizualizacija-eksterijera-vile-rosenheim-njemacka-2\\\/&quot;,&quot;projectLinkTarget&quot;:&quot;_self&quot;}\" data-id=\"4\" ><\/a>        \t\t\t<\/div>\r\n\t\t<\/article>\r\n\t\t\t\t<article class=\"portfolio-item col-12 col-sm-4 col-lg-3 portfolio-masonry-item category-16 popup-item image-center\">\r\n\t\t\t<div class=\"wrap\">\r\n\t\t\t\t\t\t\t\t\t<div class=\"a-img\">\r\n            <img width=\"1920\" height=\"1478\" src=\"https:\/\/l33t.digital\/noformat\/wp-content\/uploads\/2023\/02\/1-1.jpg\" class=\"attachment-full size-full\" alt=\"\" decoding=\"async\" loading=\"lazy\" srcset=\"https:\/\/l33t.digital\/noformat\/wp-content\/uploads\/2023\/02\/1-1.jpg 1920w, https:\/\/l33t.digital\/noformat\/wp-content\/uploads\/2023\/02\/1-1-300x231.jpg 300w, https:\/\/l33t.digital\/noformat\/wp-content\/uploads\/2023\/02\/1-1-1024x788.jpg 1024w, https:\/\/l33t.digital\/noformat\/wp-content\/uploads\/2023\/02\/1-1-768x591.jpg 768w, https:\/\/l33t.digital\/noformat\/wp-content\/uploads\/2023\/02\/1-1-1536x1182.jpg 1536w, https:\/\/l33t.digital\/noformat\/wp-content\/uploads\/2023\/02\/1-1-70x54.jpg 70w\" sizes=\"(max-width: 1920px) 100vw, 1920px\" \/>                      <\/div>\r\n\t\t\t\t\t\t\t\t<div class=\"content\">\r\n\t\t\t\t\t\t\t\t<h5>3D vizualizacija eksterijera vile, Rosenheim, Njema\u010dka<\/h5>\r\n\t\t\t\t\t\t\t\t\t\t\t<\/div>\r\n                  <a class=\"link\" href=\"#\" data-popup-json=\"{&quot;title&quot;:&quot;3D vizualizacija eksterijera vile, Rosenheim, Njema\\u010dka&quot;,&quot;desc&quot;:false,&quot;image&quot;:{&quot;url&quot;:&quot;https:\\\/\\\/l33t.digital\\\/noformat\\\/wp-content\\\/uploads\\\/2023\\\/02\\\/1-1.jpg&quot;,&quot;w&quot;:1920,&quot;h&quot;:1478},&quot;post_id&quot;:6760,&quot;likes&quot;:0,&quot;projectLink&quot;:&quot;https:\\\/\\\/l33t.digital\\\/noformat\\\/hr\\\/pt-portfolio\\\/3d-vizualizacija-eksterijera-vile-rosenheim-njemacka\\\/&quot;,&quot;projectLinkTarget&quot;:&quot;_self&quot;}\" data-id=\"5\" ><\/a>        \t\t\t<\/div>\r\n\t\t<\/article>\r\n\t\t\t\t<article class=\"portfolio-item col-12 col-sm-4 col-lg-3 portfolio-masonry-item category-16 popup-item image-center\">\r\n\t\t\t<div class=\"wrap\">\r\n\t\t\t\t\t\t\t\t\t<div class=\"a-img\">\r\n            <img width=\"1920\" height=\"1080\" src=\"https:\/\/l33t.digital\/noformat\/wp-content\/uploads\/2023\/02\/Format3d_Ext_Intersekt_Cam03_Test03.jpg\" class=\"attachment-full size-full\" alt=\"\" decoding=\"async\" loading=\"lazy\" srcset=\"https:\/\/l33t.digital\/noformat\/wp-content\/uploads\/2023\/02\/Format3d_Ext_Intersekt_Cam03_Test03.jpg 1920w, https:\/\/l33t.digital\/noformat\/wp-content\/uploads\/2023\/02\/Format3d_Ext_Intersekt_Cam03_Test03-300x169.jpg 300w, https:\/\/l33t.digital\/noformat\/wp-content\/uploads\/2023\/02\/Format3d_Ext_Intersekt_Cam03_Test03-1024x576.jpg 1024w, https:\/\/l33t.digital\/noformat\/wp-content\/uploads\/2023\/02\/Format3d_Ext_Intersekt_Cam03_Test03-768x432.jpg 768w, https:\/\/l33t.digital\/noformat\/wp-content\/uploads\/2023\/02\/Format3d_Ext_Intersekt_Cam03_Test03-1536x864.jpg 1536w, https:\/\/l33t.digital\/noformat\/wp-content\/uploads\/2023\/02\/Format3d_Ext_Intersekt_Cam03_Test03-70x39.jpg 70w\" sizes=\"(max-width: 1920px) 100vw, 1920px\" \/>                      <\/div>\r\n\t\t\t\t\t\t\t\t<div class=\"content\">\r\n\t\t\t\t\t\t\t\t<h5>3D vizualizacija eksterijera Intersnack tvornice<\/h5>\r\n\t\t\t\t\t\t\t\t\t\t\t<\/div>\r\n                  <a class=\"link\" href=\"#\" data-popup-json=\"{&quot;title&quot;:&quot;3D vizualizacija eksterijera Intersnack tvornice&quot;,&quot;desc&quot;:false,&quot;image&quot;:{&quot;url&quot;:&quot;https:\\\/\\\/l33t.digital\\\/noformat\\\/wp-content\\\/uploads\\\/2023\\\/02\\\/Format3d_Ext_Intersekt_Cam03_Test03.jpg&quot;,&quot;w&quot;:1920,&quot;h&quot;:1080},&quot;post_id&quot;:6750,&quot;likes&quot;:0,&quot;projectLink&quot;:&quot;https:\\\/\\\/l33t.digital\\\/noformat\\\/hr\\\/pt-portfolio\\\/3d-vizualizacija-eksterijera-intersnack-tvornice-3\\\/&quot;,&quot;projectLinkTarget&quot;:&quot;_self&quot;}\" data-id=\"6\" ><\/a>        \t\t\t<\/div>\r\n\t\t<\/article>\r\n\t\t\t\t<article class=\"portfolio-item col-12 col-sm-4 col-lg-3 portfolio-masonry-item category-16 popup-item image-center\">\r\n\t\t\t<div class=\"wrap\">\r\n\t\t\t\t\t\t\t\t\t<div class=\"a-img\">\r\n            <img width=\"1920\" height=\"1080\" src=\"https:\/\/l33t.digital\/noformat\/wp-content\/uploads\/2023\/02\/Format3d_Ext_Intersekt_Cam02_Test03P.jpg\" class=\"attachment-full size-full\" alt=\"\" decoding=\"async\" loading=\"lazy\" srcset=\"https:\/\/l33t.digital\/noformat\/wp-content\/uploads\/2023\/02\/Format3d_Ext_Intersekt_Cam02_Test03P.jpg 1920w, https:\/\/l33t.digital\/noformat\/wp-content\/uploads\/2023\/02\/Format3d_Ext_Intersekt_Cam02_Test03P-300x169.jpg 300w, https:\/\/l33t.digital\/noformat\/wp-content\/uploads\/2023\/02\/Format3d_Ext_Intersekt_Cam02_Test03P-1024x576.jpg 1024w, https:\/\/l33t.digital\/noformat\/wp-content\/uploads\/2023\/02\/Format3d_Ext_Intersekt_Cam02_Test03P-768x432.jpg 768w, https:\/\/l33t.digital\/noformat\/wp-content\/uploads\/2023\/02\/Format3d_Ext_Intersekt_Cam02_Test03P-1536x864.jpg 1536w, https:\/\/l33t.digital\/noformat\/wp-content\/uploads\/2023\/02\/Format3d_Ext_Intersekt_Cam02_Test03P-70x39.jpg 70w\" sizes=\"(max-width: 1920px) 100vw, 1920px\" \/>                      <\/div>\r\n\t\t\t\t\t\t\t\t<div class=\"content\">\r\n\t\t\t\t\t\t\t\t<h5>3D vizualizacija eksterijera Intersnack tvornice<\/h5>\r\n\t\t\t\t\t\t\t\t\t\t\t<\/div>\r\n                  <a class=\"link\" href=\"#\" data-popup-json=\"{&quot;title&quot;:&quot;3D vizualizacija eksterijera Intersnack tvornice&quot;,&quot;desc&quot;:false,&quot;image&quot;:{&quot;url&quot;:&quot;https:\\\/\\\/l33t.digital\\\/noformat\\\/wp-content\\\/uploads\\\/2023\\\/02\\\/Format3d_Ext_Intersekt_Cam02_Test03P.jpg&quot;,&quot;w&quot;:1920,&quot;h&quot;:1080},&quot;post_id&quot;:6749,&quot;likes&quot;:0,&quot;projectLink&quot;:&quot;https:\\\/\\\/l33t.digital\\\/noformat\\\/hr\\\/pt-portfolio\\\/3d-vizualizacija-eksterijera-intersnack-tvornice-2\\\/&quot;,&quot;projectLinkTarget&quot;:&quot;_self&quot;}\" data-id=\"7\" ><\/a>        \t\t\t<\/div>\r\n\t\t<\/article>\r\n\t\t\t\t<article class=\"portfolio-item col-12 col-sm-4 col-lg-3 portfolio-masonry-item category-16 popup-item image-center\">\r\n\t\t\t<div class=\"wrap\">\r\n\t\t\t\t\t\t\t\t\t<div class=\"a-img\">\r\n            <img width=\"1920\" height=\"1080\" src=\"https:\/\/l33t.digital\/noformat\/wp-content\/uploads\/2023\/02\/Format3d_Ext_Intersekt_Cam01_Test03P.jpg\" class=\"attachment-full size-full\" alt=\"\" decoding=\"async\" loading=\"lazy\" srcset=\"https:\/\/l33t.digital\/noformat\/wp-content\/uploads\/2023\/02\/Format3d_Ext_Intersekt_Cam01_Test03P.jpg 1920w, https:\/\/l33t.digital\/noformat\/wp-content\/uploads\/2023\/02\/Format3d_Ext_Intersekt_Cam01_Test03P-300x169.jpg 300w, https:\/\/l33t.digital\/noformat\/wp-content\/uploads\/2023\/02\/Format3d_Ext_Intersekt_Cam01_Test03P-1024x576.jpg 1024w, https:\/\/l33t.digital\/noformat\/wp-content\/uploads\/2023\/02\/Format3d_Ext_Intersekt_Cam01_Test03P-768x432.jpg 768w, https:\/\/l33t.digital\/noformat\/wp-content\/uploads\/2023\/02\/Format3d_Ext_Intersekt_Cam01_Test03P-1536x864.jpg 1536w, https:\/\/l33t.digital\/noformat\/wp-content\/uploads\/2023\/02\/Format3d_Ext_Intersekt_Cam01_Test03P-70x39.jpg 70w\" sizes=\"(max-width: 1920px) 100vw, 1920px\" \/>                      <\/div>\r\n\t\t\t\t\t\t\t\t<div class=\"content\">\r\n\t\t\t\t\t\t\t\t<h5>3D vizualizacija eksterijera Intersnack tvornice<\/h5>\r\n\t\t\t\t\t\t\t\t\t\t\t<\/div>\r\n                  <a class=\"link\" href=\"#\" data-popup-json=\"{&quot;title&quot;:&quot;3D vizualizacija eksterijera Intersnack tvornice&quot;,&quot;desc&quot;:false,&quot;image&quot;:{&quot;url&quot;:&quot;https:\\\/\\\/l33t.digital\\\/noformat\\\/wp-content\\\/uploads\\\/2023\\\/02\\\/Format3d_Ext_Intersekt_Cam01_Test03P.jpg&quot;,&quot;w&quot;:1920,&quot;h&quot;:1080},&quot;post_id&quot;:6742,&quot;likes&quot;:0,&quot;projectLink&quot;:&quot;https:\\\/\\\/l33t.digital\\\/noformat\\\/hr\\\/pt-portfolio\\\/3d-vizualizacija-eksterijera-intersnack-tvornice\\\/&quot;,&quot;projectLinkTarget&quot;:&quot;_self&quot;}\" data-id=\"8\" ><\/a>        \t\t\t<\/div>\r\n\t\t<\/article>\r\n\t\t\t\t<article class=\"portfolio-item col-12 col-sm-4 col-lg-3 portfolio-masonry-item category-16 popup-item image-center\">\r\n\t\t\t<div class=\"wrap\">\r\n\t\t\t\t\t\t\t\t\t<div class=\"a-img\">\r\n            <img width=\"1920\" height=\"1440\" src=\"https:\/\/l33t.digital\/noformat\/wp-content\/uploads\/2023\/02\/Valmar_Arkada_Ext_Cam05_Test04.jpg\" class=\"attachment-full size-full\" alt=\"\" decoding=\"async\" loading=\"lazy\" srcset=\"https:\/\/l33t.digital\/noformat\/wp-content\/uploads\/2023\/02\/Valmar_Arkada_Ext_Cam05_Test04.jpg 1920w, https:\/\/l33t.digital\/noformat\/wp-content\/uploads\/2023\/02\/Valmar_Arkada_Ext_Cam05_Test04-300x225.jpg 300w, https:\/\/l33t.digital\/noformat\/wp-content\/uploads\/2023\/02\/Valmar_Arkada_Ext_Cam05_Test04-1024x768.jpg 1024w, https:\/\/l33t.digital\/noformat\/wp-content\/uploads\/2023\/02\/Valmar_Arkada_Ext_Cam05_Test04-768x576.jpg 768w, https:\/\/l33t.digital\/noformat\/wp-content\/uploads\/2023\/02\/Valmar_Arkada_Ext_Cam05_Test04-1536x1152.jpg 1536w, https:\/\/l33t.digital\/noformat\/wp-content\/uploads\/2023\/02\/Valmar_Arkada_Ext_Cam05_Test04-70x53.jpg 70w\" sizes=\"(max-width: 1920px) 100vw, 1920px\" \/>                      <\/div>\r\n\t\t\t\t\t\t\t\t<div class=\"content\">\r\n\t\t\t\t\t\t\t\t<h5>3D vizualizacija eksterijera Hotel Arkada Valamar, Stari Grad, Hvar<\/h5>\r\n\t\t\t\t\t\t\t\t\t\t\t<\/div>\r\n                  <a class=\"link\" href=\"#\" data-popup-json=\"{&quot;title&quot;:&quot;3D vizualizacija eksterijera Hotel Arkada Valamar, Stari Grad, Hvar&quot;,&quot;desc&quot;:false,&quot;image&quot;:{&quot;url&quot;:&quot;https:\\\/\\\/l33t.digital\\\/noformat\\\/wp-content\\\/uploads\\\/2023\\\/02\\\/Valmar_Arkada_Ext_Cam05_Test04.jpg&quot;,&quot;w&quot;:1920,&quot;h&quot;:1440},&quot;post_id&quot;:6741,&quot;likes&quot;:0,&quot;projectLink&quot;:&quot;https:\\\/\\\/l33t.digital\\\/noformat\\\/hr\\\/pt-portfolio\\\/3d-vizualizacija-eksterijera-hotel-arkada-valamar-stari-grad-hvar-6\\\/&quot;,&quot;projectLinkTarget&quot;:&quot;_self&quot;}\" data-id=\"9\" ><\/a>        \t\t\t<\/div>\r\n\t\t<\/article>\r\n\t\t\t\t<article class=\"portfolio-item col-12 col-sm-4 col-lg-3 portfolio-masonry-item category-16 popup-item image-center\">\r\n\t\t\t<div class=\"wrap\">\r\n\t\t\t\t\t\t\t\t\t<div class=\"a-img\">\r\n            <img width=\"1920\" height=\"1440\" src=\"https:\/\/l33t.digital\/noformat\/wp-content\/uploads\/2023\/02\/Valmar_Arkada_Ext_Cam03_Test04.jpg\" class=\"attachment-full size-full\" alt=\"\" decoding=\"async\" loading=\"lazy\" srcset=\"https:\/\/l33t.digital\/noformat\/wp-content\/uploads\/2023\/02\/Valmar_Arkada_Ext_Cam03_Test04.jpg 1920w, https:\/\/l33t.digital\/noformat\/wp-content\/uploads\/2023\/02\/Valmar_Arkada_Ext_Cam03_Test04-300x225.jpg 300w, https:\/\/l33t.digital\/noformat\/wp-content\/uploads\/2023\/02\/Valmar_Arkada_Ext_Cam03_Test04-1024x768.jpg 1024w, https:\/\/l33t.digital\/noformat\/wp-content\/uploads\/2023\/02\/Valmar_Arkada_Ext_Cam03_Test04-768x576.jpg 768w, https:\/\/l33t.digital\/noformat\/wp-content\/uploads\/2023\/02\/Valmar_Arkada_Ext_Cam03_Test04-1536x1152.jpg 1536w, https:\/\/l33t.digital\/noformat\/wp-content\/uploads\/2023\/02\/Valmar_Arkada_Ext_Cam03_Test04-70x53.jpg 70w\" sizes=\"(max-width: 1920px) 100vw, 1920px\" \/>                      <\/div>\r\n\t\t\t\t\t\t\t\t<div class=\"content\">\r\n\t\t\t\t\t\t\t\t<h5>3D vizualizacija eksterijera Hotel Arkada Valamar, Stari Grad, Hvar<\/h5>\r\n\t\t\t\t\t\t\t\t\t\t\t<\/div>\r\n                  <a class=\"link\" href=\"#\" data-popup-json=\"{&quot;title&quot;:&quot;3D vizualizacija eksterijera Hotel Arkada Valamar, Stari Grad, Hvar&quot;,&quot;desc&quot;:false,&quot;image&quot;:{&quot;url&quot;:&quot;https:\\\/\\\/l33t.digital\\\/noformat\\\/wp-content\\\/uploads\\\/2023\\\/02\\\/Valmar_Arkada_Ext_Cam03_Test04.jpg&quot;,&quot;w&quot;:1920,&quot;h&quot;:1440},&quot;post_id&quot;:6739,&quot;likes&quot;:0,&quot;projectLink&quot;:&quot;https:\\\/\\\/l33t.digital\\\/noformat\\\/hr\\\/pt-portfolio\\\/3d-vizualizacija-eksterijera-hotel-arkada-valamar-stari-grad-hvar-5\\\/&quot;,&quot;projectLinkTarget&quot;:&quot;_self&quot;}\" data-id=\"10\" ><\/a>        \t\t\t<\/div>\r\n\t\t<\/article>\r\n\t\t\t\t<article class=\"portfolio-item col-12 col-sm-4 col-lg-3 portfolio-masonry-item category-16 popup-item image-center\">\r\n\t\t\t<div class=\"wrap\">\r\n\t\t\t\t\t\t\t\t\t<div class=\"a-img\">\r\n            <img width=\"1920\" height=\"1440\" src=\"https:\/\/l33t.digital\/noformat\/wp-content\/uploads\/2023\/02\/Valmar_Arkada_Ext_Cam02_Test04.jpg\" class=\"attachment-full size-full\" alt=\"\" decoding=\"async\" loading=\"lazy\" srcset=\"https:\/\/l33t.digital\/noformat\/wp-content\/uploads\/2023\/02\/Valmar_Arkada_Ext_Cam02_Test04.jpg 1920w, https:\/\/l33t.digital\/noformat\/wp-content\/uploads\/2023\/02\/Valmar_Arkada_Ext_Cam02_Test04-300x225.jpg 300w, https:\/\/l33t.digital\/noformat\/wp-content\/uploads\/2023\/02\/Valmar_Arkada_Ext_Cam02_Test04-1024x768.jpg 1024w, https:\/\/l33t.digital\/noformat\/wp-content\/uploads\/2023\/02\/Valmar_Arkada_Ext_Cam02_Test04-768x576.jpg 768w, https:\/\/l33t.digital\/noformat\/wp-content\/uploads\/2023\/02\/Valmar_Arkada_Ext_Cam02_Test04-1536x1152.jpg 1536w, https:\/\/l33t.digital\/noformat\/wp-content\/uploads\/2023\/02\/Valmar_Arkada_Ext_Cam02_Test04-70x53.jpg 70w\" sizes=\"(max-width: 1920px) 100vw, 1920px\" \/>                      <\/div>\r\n\t\t\t\t\t\t\t\t<div class=\"content\">\r\n\t\t\t\t\t\t\t\t<h5>3D vizualizacija eksterijera Hotel Arkada Valamar, Stari Grad, Hvar<\/h5>\r\n\t\t\t\t\t\t\t\t\t\t\t<\/div>\r\n                  <a class=\"link\" href=\"#\" data-popup-json=\"{&quot;title&quot;:&quot;3D vizualizacija eksterijera Hotel Arkada Valamar, Stari Grad, Hvar&quot;,&quot;desc&quot;:false,&quot;image&quot;:{&quot;url&quot;:&quot;https:\\\/\\\/l33t.digital\\\/noformat\\\/wp-content\\\/uploads\\\/2023\\\/02\\\/Valmar_Arkada_Ext_Cam02_Test04.jpg&quot;,&quot;w&quot;:1920,&quot;h&quot;:1440},&quot;post_id&quot;:6738,&quot;likes&quot;:0,&quot;projectLink&quot;:&quot;https:\\\/\\\/l33t.digital\\\/noformat\\\/hr\\\/pt-portfolio\\\/3d-vizualizacija-eksterijera-hotel-arkada-valamar-stari-grad-hvar-4\\\/&quot;,&quot;projectLinkTarget&quot;:&quot;_self&quot;}\" data-id=\"11\" ><\/a>        \t\t\t<\/div>\r\n\t\t<\/article>\r\n\t\t\t\t<article class=\"portfolio-item col-12 col-sm-4 col-lg-3 portfolio-masonry-item category-16 popup-item image-center\">\r\n\t\t\t<div class=\"wrap\">\r\n\t\t\t\t\t\t\t\t\t<div class=\"a-img\">\r\n            <img width=\"1920\" height=\"1440\" src=\"https:\/\/l33t.digital\/noformat\/wp-content\/uploads\/2023\/02\/Valmar_Arkada_Ext_Cam01_Test04.jpg\" class=\"attachment-full size-full\" alt=\"\" decoding=\"async\" loading=\"lazy\" srcset=\"https:\/\/l33t.digital\/noformat\/wp-content\/uploads\/2023\/02\/Valmar_Arkada_Ext_Cam01_Test04.jpg 1920w, https:\/\/l33t.digital\/noformat\/wp-content\/uploads\/2023\/02\/Valmar_Arkada_Ext_Cam01_Test04-300x225.jpg 300w, https:\/\/l33t.digital\/noformat\/wp-content\/uploads\/2023\/02\/Valmar_Arkada_Ext_Cam01_Test04-1024x768.jpg 1024w, https:\/\/l33t.digital\/noformat\/wp-content\/uploads\/2023\/02\/Valmar_Arkada_Ext_Cam01_Test04-768x576.jpg 768w, https:\/\/l33t.digital\/noformat\/wp-content\/uploads\/2023\/02\/Valmar_Arkada_Ext_Cam01_Test04-1536x1152.jpg 1536w, https:\/\/l33t.digital\/noformat\/wp-content\/uploads\/2023\/02\/Valmar_Arkada_Ext_Cam01_Test04-70x53.jpg 70w\" sizes=\"(max-width: 1920px) 100vw, 1920px\" \/>                      <\/div>\r\n\t\t\t\t\t\t\t\t<div class=\"content\">\r\n\t\t\t\t\t\t\t\t<h5>3D vizualizacija eksterijera Hotel Arkada Valamar, Stari Grad, Hvar<\/h5>\r\n\t\t\t\t\t\t\t\t\t\t\t<\/div>\r\n                  <a class=\"link\" href=\"#\" data-popup-json=\"{&quot;title&quot;:&quot;3D vizualizacija eksterijera Hotel Arkada Valamar, Stari Grad, Hvar&quot;,&quot;desc&quot;:false,&quot;image&quot;:{&quot;url&quot;:&quot;https:\\\/\\\/l33t.digital\\\/noformat\\\/wp-content\\\/uploads\\\/2023\\\/02\\\/Valmar_Arkada_Ext_Cam01_Test04.jpg&quot;,&quot;w&quot;:1920,&quot;h&quot;:1440},&quot;post_id&quot;:6736,&quot;likes&quot;:0,&quot;projectLink&quot;:&quot;https:\\\/\\\/l33t.digital\\\/noformat\\\/hr\\\/pt-portfolio\\\/3d-vizualizacija-eksterijera-hotel-arkada-valamar-stari-grad-hvar-3\\\/&quot;,&quot;projectLinkTarget&quot;:&quot;_self&quot;}\" data-id=\"12\" ><\/a>        \t\t\t<\/div>\r\n\t\t<\/article>\r\n\t\t\t\t<article class=\"portfolio-item col-12 col-sm-4 col-lg-3 portfolio-masonry-item category-16 popup-item image-center\">\r\n\t\t\t<div class=\"wrap\">\r\n\t\t\t\t\t\t\t\t\t<div class=\"a-img\">\r\n            <img width=\"1920\" height=\"1440\" src=\"https:\/\/l33t.digital\/noformat\/wp-content\/uploads\/2023\/02\/Valamar_Arkada_Ext_Cam06_Test04.jpg\" class=\"attachment-full size-full\" alt=\"\" decoding=\"async\" loading=\"lazy\" srcset=\"https:\/\/l33t.digital\/noformat\/wp-content\/uploads\/2023\/02\/Valamar_Arkada_Ext_Cam06_Test04.jpg 1920w, https:\/\/l33t.digital\/noformat\/wp-content\/uploads\/2023\/02\/Valamar_Arkada_Ext_Cam06_Test04-300x225.jpg 300w, https:\/\/l33t.digital\/noformat\/wp-content\/uploads\/2023\/02\/Valamar_Arkada_Ext_Cam06_Test04-1024x768.jpg 1024w, https:\/\/l33t.digital\/noformat\/wp-content\/uploads\/2023\/02\/Valamar_Arkada_Ext_Cam06_Test04-768x576.jpg 768w, https:\/\/l33t.digital\/noformat\/wp-content\/uploads\/2023\/02\/Valamar_Arkada_Ext_Cam06_Test04-1536x1152.jpg 1536w, https:\/\/l33t.digital\/noformat\/wp-content\/uploads\/2023\/02\/Valamar_Arkada_Ext_Cam06_Test04-70x53.jpg 70w\" sizes=\"(max-width: 1920px) 100vw, 1920px\" \/>                      <\/div>\r\n\t\t\t\t\t\t\t\t<div class=\"content\">\r\n\t\t\t\t\t\t\t\t<h5>3D vizualizacija eksterijera Hotel Arkada Valamar, Stari Grad, Hvar<\/h5>\r\n\t\t\t\t\t\t\t\t\t\t\t<\/div>\r\n                  <a class=\"link\" href=\"#\" data-popup-json=\"{&quot;title&quot;:&quot;3D vizualizacija eksterijera Hotel Arkada Valamar, Stari Grad, Hvar&quot;,&quot;desc&quot;:false,&quot;image&quot;:{&quot;url&quot;:&quot;https:\\\/\\\/l33t.digital\\\/noformat\\\/wp-content\\\/uploads\\\/2023\\\/02\\\/Valamar_Arkada_Ext_Cam06_Test04.jpg&quot;,&quot;w&quot;:1920,&quot;h&quot;:1440},&quot;post_id&quot;:6735,&quot;likes&quot;:0,&quot;projectLink&quot;:&quot;https:\\\/\\\/l33t.digital\\\/noformat\\\/hr\\\/pt-portfolio\\\/3d-vizualizacija-eksterijera-hotel-arkada-valamar-stari-grad-hvar-2\\\/&quot;,&quot;projectLinkTarget&quot;:&quot;_self&quot;}\" data-id=\"13\" ><\/a>        \t\t\t<\/div>\r\n\t\t<\/article>\r\n\t\t\t\t<article class=\"portfolio-item col-12 col-sm-4 col-lg-3 portfolio-masonry-item category-16 popup-item image-center\">\r\n\t\t\t<div class=\"wrap\">\r\n\t\t\t\t\t\t\t\t\t<div class=\"a-img\">\r\n            <img width=\"1920\" height=\"1440\" src=\"https:\/\/l33t.digital\/noformat\/wp-content\/uploads\/2023\/02\/Valamar_Arkada_Ext_Cam04_Test04.jpg\" class=\"attachment-full size-full\" alt=\"\" decoding=\"async\" loading=\"lazy\" srcset=\"https:\/\/l33t.digital\/noformat\/wp-content\/uploads\/2023\/02\/Valamar_Arkada_Ext_Cam04_Test04.jpg 1920w, https:\/\/l33t.digital\/noformat\/wp-content\/uploads\/2023\/02\/Valamar_Arkada_Ext_Cam04_Test04-300x225.jpg 300w, https:\/\/l33t.digital\/noformat\/wp-content\/uploads\/2023\/02\/Valamar_Arkada_Ext_Cam04_Test04-1024x768.jpg 1024w, https:\/\/l33t.digital\/noformat\/wp-content\/uploads\/2023\/02\/Valamar_Arkada_Ext_Cam04_Test04-768x576.jpg 768w, https:\/\/l33t.digital\/noformat\/wp-content\/uploads\/2023\/02\/Valamar_Arkada_Ext_Cam04_Test04-1536x1152.jpg 1536w, https:\/\/l33t.digital\/noformat\/wp-content\/uploads\/2023\/02\/Valamar_Arkada_Ext_Cam04_Test04-70x53.jpg 70w\" sizes=\"(max-width: 1920px) 100vw, 1920px\" \/>                      <\/div>\r\n\t\t\t\t\t\t\t\t<div class=\"content\">\r\n\t\t\t\t\t\t\t\t<h5>3D vizualizacija eksterijera Hotel Arkada Valamar, Stari Grad, Hvar<\/h5>\r\n\t\t\t\t\t\t\t\t\t\t\t<\/div>\r\n                  <a class=\"link\" href=\"#\" data-popup-json=\"{&quot;title&quot;:&quot;3D vizualizacija eksterijera Hotel Arkada Valamar, Stari Grad, Hvar&quot;,&quot;desc&quot;:false,&quot;image&quot;:{&quot;url&quot;:&quot;https:\\\/\\\/l33t.digital\\\/noformat\\\/wp-content\\\/uploads\\\/2023\\\/02\\\/Valamar_Arkada_Ext_Cam04_Test04.jpg&quot;,&quot;w&quot;:1920,&quot;h&quot;:1440},&quot;post_id&quot;:6722,&quot;likes&quot;:0,&quot;projectLink&quot;:&quot;https:\\\/\\\/l33t.digital\\\/noformat\\\/hr\\\/pt-portfolio\\\/3d-vizualizacija-eksterijera-hotel-arkada-valamar-stari-grad-hvar\\\/&quot;,&quot;projectLinkTarget&quot;:&quot;_self&quot;}\" data-id=\"14\" ><\/a>        \t\t\t<\/div>\r\n\t\t<\/article>\r\n\t\t\t\t<article class=\"portfolio-item col-12 col-sm-4 col-lg-3 portfolio-masonry-item category-16 popup-item image-center\">\r\n\t\t\t<div class=\"wrap\">\r\n\t\t\t\t\t\t\t\t\t<div class=\"a-img\">\r\n            <img width=\"1920\" height=\"1281\" src=\"https:\/\/l33t.digital\/noformat\/wp-content\/uploads\/2023\/02\/Matic-Building-Zagreb-Croatia.jpg\" class=\"attachment-full size-full\" alt=\"\" decoding=\"async\" loading=\"lazy\" srcset=\"https:\/\/l33t.digital\/noformat\/wp-content\/uploads\/2023\/02\/Matic-Building-Zagreb-Croatia.jpg 1920w, https:\/\/l33t.digital\/noformat\/wp-content\/uploads\/2023\/02\/Matic-Building-Zagreb-Croatia-300x200.jpg 300w, https:\/\/l33t.digital\/noformat\/wp-content\/uploads\/2023\/02\/Matic-Building-Zagreb-Croatia-1024x683.jpg 1024w, https:\/\/l33t.digital\/noformat\/wp-content\/uploads\/2023\/02\/Matic-Building-Zagreb-Croatia-768x512.jpg 768w, https:\/\/l33t.digital\/noformat\/wp-content\/uploads\/2023\/02\/Matic-Building-Zagreb-Croatia-1536x1025.jpg 1536w, https:\/\/l33t.digital\/noformat\/wp-content\/uploads\/2023\/02\/Matic-Building-Zagreb-Croatia-70x47.jpg 70w\" sizes=\"(max-width: 1920px) 100vw, 1920px\" \/>                      <\/div>\r\n\t\t\t\t\t\t\t\t<div class=\"content\">\r\n\t\t\t\t\t\t\t\t<h5>3D vizualizacija eksterijera zgrade, Zagreb<\/h5>\r\n\t\t\t\t\t\t\t\t\t\t\t<\/div>\r\n                  <a class=\"link\" href=\"#\" data-popup-json=\"{&quot;title&quot;:&quot;3D vizualizacija eksterijera zgrade, Zagreb&quot;,&quot;desc&quot;:false,&quot;image&quot;:{&quot;url&quot;:&quot;https:\\\/\\\/l33t.digital\\\/noformat\\\/wp-content\\\/uploads\\\/2023\\\/02\\\/Matic-Building-Zagreb-Croatia.jpg&quot;,&quot;w&quot;:1920,&quot;h&quot;:1281},&quot;post_id&quot;:6721,&quot;likes&quot;:0,&quot;projectLink&quot;:&quot;https:\\\/\\\/l33t.digital\\\/noformat\\\/hr\\\/pt-portfolio\\\/3d-vizualizacija-eksterijera-zgrade-zagreb-3\\\/&quot;,&quot;projectLinkTarget&quot;:&quot;_self&quot;}\" data-id=\"15\" ><\/a>        \t\t\t<\/div>\r\n\t\t<\/article>\r\n\t\t\t\t<article class=\"portfolio-item col-12 col-sm-4 col-lg-3 portfolio-masonry-item category-16 popup-item image-center\">\r\n\t\t\t<div class=\"wrap\">\r\n\t\t\t\t\t\t\t\t\t<div class=\"a-img\">\r\n            <img width=\"1920\" height=\"1281\" src=\"https:\/\/l33t.digital\/noformat\/wp-content\/uploads\/2023\/02\/Matic-Building-Zagreb-Croatia-Night.jpg\" class=\"attachment-full size-full\" alt=\"\" decoding=\"async\" loading=\"lazy\" srcset=\"https:\/\/l33t.digital\/noformat\/wp-content\/uploads\/2023\/02\/Matic-Building-Zagreb-Croatia-Night.jpg 1920w, https:\/\/l33t.digital\/noformat\/wp-content\/uploads\/2023\/02\/Matic-Building-Zagreb-Croatia-Night-300x200.jpg 300w, https:\/\/l33t.digital\/noformat\/wp-content\/uploads\/2023\/02\/Matic-Building-Zagreb-Croatia-Night-1024x683.jpg 1024w, https:\/\/l33t.digital\/noformat\/wp-content\/uploads\/2023\/02\/Matic-Building-Zagreb-Croatia-Night-768x512.jpg 768w, https:\/\/l33t.digital\/noformat\/wp-content\/uploads\/2023\/02\/Matic-Building-Zagreb-Croatia-Night-1536x1025.jpg 1536w, https:\/\/l33t.digital\/noformat\/wp-content\/uploads\/2023\/02\/Matic-Building-Zagreb-Croatia-Night-70x47.jpg 70w\" sizes=\"(max-width: 1920px) 100vw, 1920px\" \/>                      <\/div>\r\n\t\t\t\t\t\t\t\t<div class=\"content\">\r\n\t\t\t\t\t\t\t\t<h5>3D vizualizacija eksterijera zgrade, Zagreb<\/h5>\r\n\t\t\t\t\t\t\t\t\t\t\t<\/div>\r\n                  <a class=\"link\" href=\"#\" data-popup-json=\"{&quot;title&quot;:&quot;3D vizualizacija eksterijera zgrade, Zagreb&quot;,&quot;desc&quot;:false,&quot;image&quot;:{&quot;url&quot;:&quot;https:\\\/\\\/l33t.digital\\\/noformat\\\/wp-content\\\/uploads\\\/2023\\\/02\\\/Matic-Building-Zagreb-Croatia-Night.jpg&quot;,&quot;w&quot;:1920,&quot;h&quot;:1281},&quot;post_id&quot;:6720,&quot;likes&quot;:0,&quot;projectLink&quot;:&quot;https:\\\/\\\/l33t.digital\\\/noformat\\\/hr\\\/pt-portfolio\\\/3d-vizualizacija-eksterijera-zgrade-zagreb-2\\\/&quot;,&quot;projectLinkTarget&quot;:&quot;_self&quot;}\" data-id=\"16\" ><\/a>        \t\t\t<\/div>\r\n\t\t<\/article>\r\n\t\t\t\t<article class=\"portfolio-item col-12 col-sm-4 col-lg-3 portfolio-masonry-item category-16 popup-item image-center\">\r\n\t\t\t<div class=\"wrap\">\r\n\t\t\t\t\t\t\t\t\t<div class=\"a-img\">\r\n            <img width=\"1920\" height=\"1281\" src=\"https:\/\/l33t.digital\/noformat\/wp-content\/uploads\/2023\/02\/Matic-Building-Zagreb-Croatia-Day.jpg\" class=\"attachment-full size-full\" alt=\"\" decoding=\"async\" loading=\"lazy\" srcset=\"https:\/\/l33t.digital\/noformat\/wp-content\/uploads\/2023\/02\/Matic-Building-Zagreb-Croatia-Day.jpg 1920w, https:\/\/l33t.digital\/noformat\/wp-content\/uploads\/2023\/02\/Matic-Building-Zagreb-Croatia-Day-300x200.jpg 300w, https:\/\/l33t.digital\/noformat\/wp-content\/uploads\/2023\/02\/Matic-Building-Zagreb-Croatia-Day-1024x683.jpg 1024w, https:\/\/l33t.digital\/noformat\/wp-content\/uploads\/2023\/02\/Matic-Building-Zagreb-Croatia-Day-768x512.jpg 768w, https:\/\/l33t.digital\/noformat\/wp-content\/uploads\/2023\/02\/Matic-Building-Zagreb-Croatia-Day-1536x1025.jpg 1536w, https:\/\/l33t.digital\/noformat\/wp-content\/uploads\/2023\/02\/Matic-Building-Zagreb-Croatia-Day-70x47.jpg 70w\" sizes=\"(max-width: 1920px) 100vw, 1920px\" \/>                      <\/div>\r\n\t\t\t\t\t\t\t\t<div class=\"content\">\r\n\t\t\t\t\t\t\t\t<h5>3D vizualizacija eksterijera zgrade, Zagreb<\/h5>\r\n\t\t\t\t\t\t\t\t\t\t\t<\/div>\r\n                  <a class=\"link\" href=\"#\" data-popup-json=\"{&quot;title&quot;:&quot;3D vizualizacija eksterijera zgrade, Zagreb&quot;,&quot;desc&quot;:false,&quot;image&quot;:{&quot;url&quot;:&quot;https:\\\/\\\/l33t.digital\\\/noformat\\\/wp-content\\\/uploads\\\/2023\\\/02\\\/Matic-Building-Zagreb-Croatia-Day.jpg&quot;,&quot;w&quot;:1920,&quot;h&quot;:1281},&quot;post_id&quot;:6713,&quot;likes&quot;:0,&quot;projectLink&quot;:&quot;https:\\\/\\\/l33t.digital\\\/noformat\\\/hr\\\/pt-portfolio\\\/3d-vizualizacija-eksterijera-zgrade-zagreb\\\/&quot;,&quot;projectLinkTarget&quot;:&quot;_self&quot;}\" data-id=\"17\" ><\/a>        \t\t\t<\/div>\r\n\t\t<\/article>\r\n\t\t\t\t<article class=\"portfolio-item col-12 col-sm-4 col-lg-3 portfolio-masonry-item category-16 popup-item image-center\">\r\n\t\t\t<div class=\"wrap\">\r\n\t\t\t\t\t\t\t\t\t<div class=\"a-img\">\r\n            <img width=\"3840\" height=\"2160\" src=\"https:\/\/l33t.digital\/noformat\/wp-content\/uploads\/2022\/02\/E19.jpg\" class=\"attachment-full size-full\" alt=\"3D vizualizacija eksterijera turisti\u010dkog naselja Sveti Filip i Jakov\" decoding=\"async\" loading=\"lazy\" srcset=\"https:\/\/l33t.digital\/noformat\/wp-content\/uploads\/2022\/02\/E19.jpg 3840w, https:\/\/l33t.digital\/noformat\/wp-content\/uploads\/2022\/02\/E19-300x169.jpg 300w, https:\/\/l33t.digital\/noformat\/wp-content\/uploads\/2022\/02\/E19-1024x576.jpg 1024w, https:\/\/l33t.digital\/noformat\/wp-content\/uploads\/2022\/02\/E19-768x432.jpg 768w, https:\/\/l33t.digital\/noformat\/wp-content\/uploads\/2022\/02\/E19-1536x864.jpg 1536w, https:\/\/l33t.digital\/noformat\/wp-content\/uploads\/2022\/02\/E19-2048x1152.jpg 2048w, https:\/\/l33t.digital\/noformat\/wp-content\/uploads\/2022\/02\/E19-70x39.jpg 70w\" sizes=\"(max-width: 3840px) 100vw, 3840px\" \/>                      <\/div>\r\n\t\t\t\t\t\t\t\t<div class=\"content\">\r\n\t\t\t\t\t\t\t\t<h5>3D vizualizacija eksterijera turisti\u010dkog naselja Sveti Filip i Jakov<\/h5>\r\n\t\t\t\t\t\t\t\t\t\t\t<\/div>\r\n                  <a class=\"link\" href=\"#\" data-popup-json=\"{&quot;title&quot;:&quot;3D vizualizacija eksterijera turisti\\u010dkog naselja Sveti Filip i Jakov&quot;,&quot;desc&quot;:false,&quot;image&quot;:{&quot;url&quot;:&quot;https:\\\/\\\/l33t.digital\\\/noformat\\\/wp-content\\\/uploads\\\/2022\\\/02\\\/E19.jpg&quot;,&quot;w&quot;:3840,&quot;h&quot;:2160},&quot;post_id&quot;:5046,&quot;likes&quot;:0,&quot;projectLink&quot;:&quot;https:\\\/\\\/l33t.digital\\\/noformat\\\/hr\\\/pt-portfolio\\\/3d-vizualizacija-eksterijera-turistickog-naselja-sveti-filip-i-jakov-5\\\/&quot;,&quot;projectLinkTarget&quot;:&quot;_self&quot;}\" data-id=\"18\" ><\/a>        \t\t\t<\/div>\r\n\t\t<\/article>\r\n\t\t\t\t<article class=\"portfolio-item col-12 col-sm-4 col-lg-3 portfolio-masonry-item category-16 popup-item image-center\">\r\n\t\t\t<div class=\"wrap\">\r\n\t\t\t\t\t\t\t\t\t<div class=\"a-img\">\r\n            <img width=\"2000\" height=\"1125\" src=\"https:\/\/l33t.digital\/noformat\/wp-content\/uploads\/2022\/02\/E15.jpg\" class=\"attachment-full size-full\" alt=\"3D vizualizacija eksterijera turisti\u010dkog naselja Sveti Filip i Jakov\" decoding=\"async\" loading=\"lazy\" srcset=\"https:\/\/l33t.digital\/noformat\/wp-content\/uploads\/2022\/02\/E15.jpg 2000w, https:\/\/l33t.digital\/noformat\/wp-content\/uploads\/2022\/02\/E15-300x169.jpg 300w, https:\/\/l33t.digital\/noformat\/wp-content\/uploads\/2022\/02\/E15-1024x576.jpg 1024w, https:\/\/l33t.digital\/noformat\/wp-content\/uploads\/2022\/02\/E15-768x432.jpg 768w, https:\/\/l33t.digital\/noformat\/wp-content\/uploads\/2022\/02\/E15-1536x864.jpg 1536w, https:\/\/l33t.digital\/noformat\/wp-content\/uploads\/2022\/02\/E15-70x39.jpg 70w\" sizes=\"(max-width: 2000px) 100vw, 2000px\" \/>                      <\/div>\r\n\t\t\t\t\t\t\t\t<div class=\"content\">\r\n\t\t\t\t\t\t\t\t<h5>3D vizualizacija eksterijera turisti\u010dkog naselja Sveti Filip i Jakov<\/h5>\r\n\t\t\t\t\t\t\t\t\t\t\t<\/div>\r\n                  <a class=\"link\" href=\"#\" data-popup-json=\"{&quot;title&quot;:&quot;3D vizualizacija eksterijera turisti\\u010dkog naselja Sveti Filip i Jakov&quot;,&quot;desc&quot;:false,&quot;image&quot;:{&quot;url&quot;:&quot;https:\\\/\\\/l33t.digital\\\/noformat\\\/wp-content\\\/uploads\\\/2022\\\/02\\\/E15.jpg&quot;,&quot;w&quot;:2000,&quot;h&quot;:1125},&quot;post_id&quot;:5045,&quot;likes&quot;:0,&quot;projectLink&quot;:&quot;https:\\\/\\\/l33t.digital\\\/noformat\\\/hr\\\/pt-portfolio\\\/3d-vizualizacija-eksterijera-turistickog-naselja-sveti-filip-i-jakov-4\\\/&quot;,&quot;projectLinkTarget&quot;:&quot;_self&quot;}\" data-id=\"19\" ><\/a>        \t\t\t<\/div>\r\n\t\t<\/article>\r\n\t\t\t\t<article class=\"portfolio-item col-12 col-sm-4 col-lg-3 portfolio-masonry-item category-16 popup-item image-center\">\r\n\t\t\t<div class=\"wrap\">\r\n\t\t\t\t\t\t\t\t\t<div class=\"a-img\">\r\n            <img width=\"3840\" height=\"2160\" src=\"https:\/\/l33t.digital\/noformat\/wp-content\/uploads\/2022\/02\/E10.jpg\" class=\"attachment-full size-full\" alt=\"3D vizualizacija eksterijera turisti\u010dkog naselja Sveti Filip i Jakov\" decoding=\"async\" loading=\"lazy\" srcset=\"https:\/\/l33t.digital\/noformat\/wp-content\/uploads\/2022\/02\/E10.jpg 3840w, https:\/\/l33t.digital\/noformat\/wp-content\/uploads\/2022\/02\/E10-300x169.jpg 300w, https:\/\/l33t.digital\/noformat\/wp-content\/uploads\/2022\/02\/E10-1024x576.jpg 1024w, https:\/\/l33t.digital\/noformat\/wp-content\/uploads\/2022\/02\/E10-768x432.jpg 768w, https:\/\/l33t.digital\/noformat\/wp-content\/uploads\/2022\/02\/E10-1536x864.jpg 1536w, https:\/\/l33t.digital\/noformat\/wp-content\/uploads\/2022\/02\/E10-2048x1152.jpg 2048w, https:\/\/l33t.digital\/noformat\/wp-content\/uploads\/2022\/02\/E10-70x39.jpg 70w\" sizes=\"(max-width: 3840px) 100vw, 3840px\" \/>                      <\/div>\r\n\t\t\t\t\t\t\t\t<div class=\"content\">\r\n\t\t\t\t\t\t\t\t<h5>3D vizualizacija eksterijera turisti\u010dkog naselja Sveti Filip i Jakov<\/h5>\r\n\t\t\t\t\t\t\t\t\t\t\t<\/div>\r\n                  <a class=\"link\" href=\"#\" data-popup-json=\"{&quot;title&quot;:&quot;3D vizualizacija eksterijera turisti\\u010dkog naselja Sveti Filip i Jakov&quot;,&quot;desc&quot;:false,&quot;image&quot;:{&quot;url&quot;:&quot;https:\\\/\\\/l33t.digital\\\/noformat\\\/wp-content\\\/uploads\\\/2022\\\/02\\\/E10.jpg&quot;,&quot;w&quot;:3840,&quot;h&quot;:2160},&quot;post_id&quot;:5044,&quot;likes&quot;:0,&quot;projectLink&quot;:&quot;https:\\\/\\\/l33t.digital\\\/noformat\\\/hr\\\/pt-portfolio\\\/3d-vizualizacija-eksterijera-turistickog-naselja-sveti-filip-i-jakov-3\\\/&quot;,&quot;projectLinkTarget&quot;:&quot;_self&quot;}\" data-id=\"20\" ><\/a>        \t\t\t<\/div>\r\n\t\t<\/article>\r\n\t\t\t\t<article class=\"portfolio-item col-12 col-sm-4 col-lg-3 portfolio-masonry-item category-16 popup-item image-center\">\r\n\t\t\t<div class=\"wrap\">\r\n\t\t\t\t\t\t\t\t\t<div class=\"a-img\">\r\n            <img width=\"2000\" height=\"1125\" src=\"https:\/\/l33t.digital\/noformat\/wp-content\/uploads\/2022\/02\/E7.jpg\" class=\"attachment-full size-full\" alt=\"3D vizualizacija eksterijera turisti\u010dkog naselja Sveti Filip i Jakov\" decoding=\"async\" loading=\"lazy\" srcset=\"https:\/\/l33t.digital\/noformat\/wp-content\/uploads\/2022\/02\/E7.jpg 2000w, https:\/\/l33t.digital\/noformat\/wp-content\/uploads\/2022\/02\/E7-300x169.jpg 300w, https:\/\/l33t.digital\/noformat\/wp-content\/uploads\/2022\/02\/E7-1024x576.jpg 1024w, https:\/\/l33t.digital\/noformat\/wp-content\/uploads\/2022\/02\/E7-768x432.jpg 768w, https:\/\/l33t.digital\/noformat\/wp-content\/uploads\/2022\/02\/E7-1536x864.jpg 1536w, https:\/\/l33t.digital\/noformat\/wp-content\/uploads\/2022\/02\/E7-70x39.jpg 70w\" sizes=\"(max-width: 2000px) 100vw, 2000px\" \/>                      <\/div>\r\n\t\t\t\t\t\t\t\t<div class=\"content\">\r\n\t\t\t\t\t\t\t\t<h5>3D vizualizacija eksterijera turisti\u010dkog naselja Sveti Filip i Jakov<\/h5>\r\n\t\t\t\t\t\t\t\t\t\t\t<\/div>\r\n                  <a class=\"link\" href=\"#\" data-popup-json=\"{&quot;title&quot;:&quot;3D vizualizacija eksterijera turisti\\u010dkog naselja Sveti Filip i Jakov&quot;,&quot;desc&quot;:false,&quot;image&quot;:{&quot;url&quot;:&quot;https:\\\/\\\/l33t.digital\\\/noformat\\\/wp-content\\\/uploads\\\/2022\\\/02\\\/E7.jpg&quot;,&quot;w&quot;:2000,&quot;h&quot;:1125},&quot;post_id&quot;:5043,&quot;likes&quot;:0,&quot;projectLink&quot;:&quot;https:\\\/\\\/l33t.digital\\\/noformat\\\/hr\\\/pt-portfolio\\\/3d-vizualizacija-eksterijera-turistickog-naselja-sveti-filip-i-jakov-2\\\/&quot;,&quot;projectLinkTarget&quot;:&quot;_self&quot;}\" data-id=\"21\" ><\/a>        \t\t\t<\/div>\r\n\t\t<\/article>\r\n\t\t\t\t<article class=\"portfolio-item col-12 col-sm-4 col-lg-3 portfolio-masonry-item category-16 popup-item image-center\">\r\n\t\t\t<div class=\"wrap\">\r\n\t\t\t\t\t\t\t\t\t<div class=\"a-img\">\r\n            <img width=\"2000\" height=\"1125\" src=\"https:\/\/l33t.digital\/noformat\/wp-content\/uploads\/2022\/02\/E1.jpg\" class=\"attachment-full size-full\" alt=\"3D vizualizacija eksterijera turisti\u010dkog naselja Sveti Filip i Jakov\" decoding=\"async\" loading=\"lazy\" srcset=\"https:\/\/l33t.digital\/noformat\/wp-content\/uploads\/2022\/02\/E1.jpg 2000w, https:\/\/l33t.digital\/noformat\/wp-content\/uploads\/2022\/02\/E1-300x169.jpg 300w, https:\/\/l33t.digital\/noformat\/wp-content\/uploads\/2022\/02\/E1-1024x576.jpg 1024w, https:\/\/l33t.digital\/noformat\/wp-content\/uploads\/2022\/02\/E1-768x432.jpg 768w, https:\/\/l33t.digital\/noformat\/wp-content\/uploads\/2022\/02\/E1-1536x864.jpg 1536w, https:\/\/l33t.digital\/noformat\/wp-content\/uploads\/2022\/02\/E1-70x39.jpg 70w\" sizes=\"(max-width: 2000px) 100vw, 2000px\" \/>                      <\/div>\r\n\t\t\t\t\t\t\t\t<div class=\"content\">\r\n\t\t\t\t\t\t\t\t<h5>3D vizualizacija eksterijera turisti\u010dkog naselja Sveti Filip i Jakov<\/h5>\r\n\t\t\t\t\t\t\t\t\t\t\t<\/div>\r\n                  <a class=\"link\" href=\"#\" data-popup-json=\"{&quot;title&quot;:&quot;3D vizualizacija eksterijera turisti\\u010dkog naselja Sveti Filip i Jakov&quot;,&quot;desc&quot;:false,&quot;image&quot;:{&quot;url&quot;:&quot;https:\\\/\\\/l33t.digital\\\/noformat\\\/wp-content\\\/uploads\\\/2022\\\/02\\\/E1.jpg&quot;,&quot;w&quot;:2000,&quot;h&quot;:1125},&quot;post_id&quot;:5042,&quot;likes&quot;:0,&quot;projectLink&quot;:&quot;https:\\\/\\\/l33t.digital\\\/noformat\\\/hr\\\/pt-portfolio\\\/3d-vizualizacija-eksterijera-turistickog-naselja-sveti-filip-i-jakov\\\/&quot;,&quot;projectLinkTarget&quot;:&quot;_self&quot;}\" data-id=\"22\" ><\/a>        \t\t\t<\/div>\r\n\t\t<\/article>\r\n\t\t\t\t<article class=\"portfolio-item col-12 col-sm-4 col-lg-3 portfolio-masonry-item category-16 popup-item image-center\">\r\n\t\t\t<div class=\"wrap\">\r\n\t\t\t\t\t\t\t\t\t<div class=\"a-img\">\r\n            <img width=\"2000\" height=\"1332\" src=\"https:\/\/l33t.digital\/noformat\/wp-content\/uploads\/2022\/02\/F8.jpg\" class=\"attachment-full size-full\" alt=\"Fotomonta\u017ea 3D modela turisti\u010dkog naselja Sveti Filip i Jakov\" decoding=\"async\" loading=\"lazy\" srcset=\"https:\/\/l33t.digital\/noformat\/wp-content\/uploads\/2022\/02\/F8.jpg 2000w, https:\/\/l33t.digital\/noformat\/wp-content\/uploads\/2022\/02\/F8-300x200.jpg 300w, https:\/\/l33t.digital\/noformat\/wp-content\/uploads\/2022\/02\/F8-1024x682.jpg 1024w, https:\/\/l33t.digital\/noformat\/wp-content\/uploads\/2022\/02\/F8-768x511.jpg 768w, https:\/\/l33t.digital\/noformat\/wp-content\/uploads\/2022\/02\/F8-1536x1023.jpg 1536w, https:\/\/l33t.digital\/noformat\/wp-content\/uploads\/2022\/02\/F8-70x47.jpg 70w\" sizes=\"(max-width: 2000px) 100vw, 2000px\" \/>                      <\/div>\r\n\t\t\t\t\t\t\t\t<div class=\"content\">\r\n\t\t\t\t\t\t\t\t<h5>Fotomonta\u017ea 3D modela turisti\u010dkog naselja Sveti Filip i Jakov<\/h5>\r\n\t\t\t\t\t\t\t\t\t\t\t<\/div>\r\n                  <a class=\"link\" href=\"#\" data-popup-json=\"{&quot;title&quot;:&quot;Fotomonta\\u017ea 3D modela turisti\\u010dkog naselja Sveti Filip i Jakov&quot;,&quot;desc&quot;:false,&quot;image&quot;:{&quot;url&quot;:&quot;https:\\\/\\\/l33t.digital\\\/noformat\\\/wp-content\\\/uploads\\\/2022\\\/02\\\/F8.jpg&quot;,&quot;w&quot;:2000,&quot;h&quot;:1332},&quot;post_id&quot;:5038,&quot;likes&quot;:0,&quot;projectLink&quot;:&quot;https:\\\/\\\/l33t.digital\\\/noformat\\\/hr\\\/pt-portfolio\\\/fotomontaza-3d-modela-turistickog-naselja-sveti-filip-i-jakov-2\\\/&quot;,&quot;projectLinkTarget&quot;:&quot;_self&quot;}\" data-id=\"23\" ><\/a>        \t\t\t<\/div>\r\n\t\t<\/article>\r\n\t\t\t\t<article class=\"portfolio-item col-12 col-sm-4 col-lg-3 portfolio-masonry-item category-16 popup-item image-center\">\r\n\t\t\t<div class=\"wrap\">\r\n\t\t\t\t\t\t\t\t\t<div class=\"a-img\">\r\n            <img width=\"2000\" height=\"1332\" src=\"https:\/\/l33t.digital\/noformat\/wp-content\/uploads\/2022\/02\/F2.jpg\" class=\"attachment-full size-full\" alt=\"Fotomonta\u017ea 3D modela turisti\u010dkog naselja Sveti Filip i Jakov\" decoding=\"async\" loading=\"lazy\" srcset=\"https:\/\/l33t.digital\/noformat\/wp-content\/uploads\/2022\/02\/F2.jpg 2000w, https:\/\/l33t.digital\/noformat\/wp-content\/uploads\/2022\/02\/F2-300x200.jpg 300w, https:\/\/l33t.digital\/noformat\/wp-content\/uploads\/2022\/02\/F2-1024x682.jpg 1024w, https:\/\/l33t.digital\/noformat\/wp-content\/uploads\/2022\/02\/F2-768x511.jpg 768w, https:\/\/l33t.digital\/noformat\/wp-content\/uploads\/2022\/02\/F2-1536x1023.jpg 1536w, https:\/\/l33t.digital\/noformat\/wp-content\/uploads\/2022\/02\/F2-70x47.jpg 70w\" sizes=\"(max-width: 2000px) 100vw, 2000px\" \/>                      <\/div>\r\n\t\t\t\t\t\t\t\t<div class=\"content\">\r\n\t\t\t\t\t\t\t\t<h5>Fotomonta\u017ea 3D modela turisti\u010dkog naselja Sveti Filip i Jakov<\/h5>\r\n\t\t\t\t\t\t\t\t\t\t\t<\/div>\r\n                  <a class=\"link\" href=\"#\" data-popup-json=\"{&quot;title&quot;:&quot;Fotomonta\\u017ea 3D modela turisti\\u010dkog naselja Sveti Filip i Jakov&quot;,&quot;desc&quot;:false,&quot;image&quot;:{&quot;url&quot;:&quot;https:\\\/\\\/l33t.digital\\\/noformat\\\/wp-content\\\/uploads\\\/2022\\\/02\\\/F2.jpg&quot;,&quot;w&quot;:2000,&quot;h&quot;:1332},&quot;post_id&quot;:5037,&quot;likes&quot;:0,&quot;projectLink&quot;:&quot;https:\\\/\\\/l33t.digital\\\/noformat\\\/hr\\\/pt-portfolio\\\/fotomontaza-3d-modela-turistickog-naselja-sveti-filip-i-jakov\\\/&quot;,&quot;projectLinkTarget&quot;:&quot;_self&quot;}\" data-id=\"24\" ><\/a>        \t\t\t<\/div>\r\n\t\t<\/article>\r\n\t\t\t\t<article class=\"portfolio-item col-12 col-sm-4 col-lg-3 portfolio-masonry-item category-16 popup-item image-center\">\r\n\t\t\t<div class=\"wrap\">\r\n\t\t\t\t\t\t\t\t\t<div class=\"a-img\">\r\n            <img width=\"2000\" height=\"1125\" src=\"https:\/\/l33t.digital\/noformat\/wp-content\/uploads\/2022\/02\/8-Enhanced.jpg\" class=\"attachment-full size-full\" alt=\"Stambena zgrada Gru\u017e, Dubrovnik\" decoding=\"async\" loading=\"lazy\" srcset=\"https:\/\/l33t.digital\/noformat\/wp-content\/uploads\/2022\/02\/8-Enhanced.jpg 2000w, https:\/\/l33t.digital\/noformat\/wp-content\/uploads\/2022\/02\/8-Enhanced-300x169.jpg 300w, https:\/\/l33t.digital\/noformat\/wp-content\/uploads\/2022\/02\/8-Enhanced-1024x576.jpg 1024w, https:\/\/l33t.digital\/noformat\/wp-content\/uploads\/2022\/02\/8-Enhanced-768x432.jpg 768w, https:\/\/l33t.digital\/noformat\/wp-content\/uploads\/2022\/02\/8-Enhanced-1536x864.jpg 1536w, https:\/\/l33t.digital\/noformat\/wp-content\/uploads\/2022\/02\/8-Enhanced-70x39.jpg 70w\" sizes=\"(max-width: 2000px) 100vw, 2000px\" \/>                      <\/div>\r\n\t\t\t\t\t\t\t\t<div class=\"content\">\r\n\t\t\t\t\t\t\t\t<h5>3D vizualizacija eksterijera stambene zgrade Gru\u017e, Dubrovnik<\/h5>\r\n\t\t\t\t\t\t\t\t\t\t\t<\/div>\r\n                  <a class=\"link\" href=\"#\" data-popup-json=\"{&quot;title&quot;:&quot;3D vizualizacija eksterijera stambene zgrade Gru\\u017e, Dubrovnik&quot;,&quot;desc&quot;:false,&quot;image&quot;:{&quot;url&quot;:&quot;https:\\\/\\\/l33t.digital\\\/noformat\\\/wp-content\\\/uploads\\\/2022\\\/02\\\/8-Enhanced.jpg&quot;,&quot;w&quot;:2000,&quot;h&quot;:1125},&quot;post_id&quot;:5033,&quot;likes&quot;:0,&quot;projectLink&quot;:&quot;https:\\\/\\\/l33t.digital\\\/noformat\\\/hr\\\/pt-portfolio\\\/3d-vizualizacija-eksterijera-stambene-zgrade-gruz-dubrovnik-3\\\/&quot;,&quot;projectLinkTarget&quot;:&quot;_self&quot;}\" data-id=\"25\" ><\/a>        \t\t\t<\/div>\r\n\t\t<\/article>\r\n\t\t\t\t<article class=\"portfolio-item col-12 col-sm-4 col-lg-3 portfolio-masonry-item category-16 popup-item image-center\">\r\n\t\t\t<div class=\"wrap\">\r\n\t\t\t\t\t\t\t\t\t<div class=\"a-img\">\r\n            <img width=\"2000\" height=\"2889\" src=\"https:\/\/l33t.digital\/noformat\/wp-content\/uploads\/2022\/02\/10-Enhanced.jpg\" class=\"attachment-full size-full\" alt=\"Stambena zgrada Gru\u017e, Dubrovnik\" decoding=\"async\" loading=\"lazy\" srcset=\"https:\/\/l33t.digital\/noformat\/wp-content\/uploads\/2022\/02\/10-Enhanced.jpg 2000w, https:\/\/l33t.digital\/noformat\/wp-content\/uploads\/2022\/02\/10-Enhanced-208x300.jpg 208w, https:\/\/l33t.digital\/noformat\/wp-content\/uploads\/2022\/02\/10-Enhanced-709x1024.jpg 709w, https:\/\/l33t.digital\/noformat\/wp-content\/uploads\/2022\/02\/10-Enhanced-768x1109.jpg 768w, https:\/\/l33t.digital\/noformat\/wp-content\/uploads\/2022\/02\/10-Enhanced-1063x1536.jpg 1063w, https:\/\/l33t.digital\/noformat\/wp-content\/uploads\/2022\/02\/10-Enhanced-1418x2048.jpg 1418w, https:\/\/l33t.digital\/noformat\/wp-content\/uploads\/2022\/02\/10-Enhanced-48x70.jpg 48w\" sizes=\"(max-width: 2000px) 100vw, 2000px\" \/>                      <\/div>\r\n\t\t\t\t\t\t\t\t<div class=\"content\">\r\n\t\t\t\t\t\t\t\t<h5>3D vizualizacija eksterijera stambene zgrade Gru\u017e, Dubrovnik<\/h5>\r\n\t\t\t\t\t\t\t\t\t\t\t<\/div>\r\n                  <a class=\"link\" href=\"#\" data-popup-json=\"{&quot;title&quot;:&quot;3D vizualizacija eksterijera stambene zgrade Gru\\u017e, Dubrovnik&quot;,&quot;desc&quot;:false,&quot;image&quot;:{&quot;url&quot;:&quot;https:\\\/\\\/l33t.digital\\\/noformat\\\/wp-content\\\/uploads\\\/2022\\\/02\\\/10-Enhanced.jpg&quot;,&quot;w&quot;:2000,&quot;h&quot;:2889},&quot;post_id&quot;:5032,&quot;likes&quot;:0,&quot;projectLink&quot;:&quot;https:\\\/\\\/l33t.digital\\\/noformat\\\/hr\\\/pt-portfolio\\\/3d-vizualizacija-eksterijera-stambene-zgrade-gruz-dubrovnik-2\\\/&quot;,&quot;projectLinkTarget&quot;:&quot;_self&quot;}\" data-id=\"26\" ><\/a>        \t\t\t<\/div>\r\n\t\t<\/article>\r\n\t\t\t\t<article class=\"portfolio-item col-12 col-sm-4 col-lg-3 portfolio-masonry-item category-16 popup-item image-center\">\r\n\t\t\t<div class=\"wrap\">\r\n\t\t\t\t\t\t\t\t\t<div class=\"a-img\">\r\n            <img width=\"2000\" height=\"1125\" src=\"https:\/\/l33t.digital\/noformat\/wp-content\/uploads\/2022\/02\/3-Enhanced.jpg\" class=\"attachment-full size-full\" alt=\"Stambene zgrada Gru\u017e, Dubrovnik\" decoding=\"async\" loading=\"lazy\" srcset=\"https:\/\/l33t.digital\/noformat\/wp-content\/uploads\/2022\/02\/3-Enhanced.jpg 2000w, https:\/\/l33t.digital\/noformat\/wp-content\/uploads\/2022\/02\/3-Enhanced-300x169.jpg 300w, https:\/\/l33t.digital\/noformat\/wp-content\/uploads\/2022\/02\/3-Enhanced-1024x576.jpg 1024w, https:\/\/l33t.digital\/noformat\/wp-content\/uploads\/2022\/02\/3-Enhanced-768x432.jpg 768w, https:\/\/l33t.digital\/noformat\/wp-content\/uploads\/2022\/02\/3-Enhanced-1536x864.jpg 1536w, https:\/\/l33t.digital\/noformat\/wp-content\/uploads\/2022\/02\/3-Enhanced-70x39.jpg 70w\" sizes=\"(max-width: 2000px) 100vw, 2000px\" \/>                      <\/div>\r\n\t\t\t\t\t\t\t\t<div class=\"content\">\r\n\t\t\t\t\t\t\t\t<h5>3D vizualizacija eksterijera stambene zgrade Gru\u017e, Dubrovnik<\/h5>\r\n\t\t\t\t\t\t\t\t\t\t\t<\/div>\r\n                  <a class=\"link\" href=\"#\" data-popup-json=\"{&quot;title&quot;:&quot;3D vizualizacija eksterijera stambene zgrade Gru\\u017e, Dubrovnik&quot;,&quot;desc&quot;:false,&quot;image&quot;:{&quot;url&quot;:&quot;https:\\\/\\\/l33t.digital\\\/noformat\\\/wp-content\\\/uploads\\\/2022\\\/02\\\/3-Enhanced.jpg&quot;,&quot;w&quot;:2000,&quot;h&quot;:1125},&quot;post_id&quot;:5031,&quot;likes&quot;:0,&quot;projectLink&quot;:&quot;https:\\\/\\\/l33t.digital\\\/noformat\\\/hr\\\/pt-portfolio\\\/3d-vizualizacija-eksterijera-stambene-zgrade-gruz-dubrovnik\\\/&quot;,&quot;projectLinkTarget&quot;:&quot;_self&quot;}\" data-id=\"27\" ><\/a>        \t\t\t<\/div>\r\n\t\t<\/article>\r\n\t\t\t\t<article class=\"portfolio-item col-12 col-sm-4 col-lg-3 portfolio-masonry-item category-16 popup-item image-center\">\r\n\t\t\t<div class=\"wrap\">\r\n\t\t\t\t\t\t\t\t\t<div class=\"a-img\">\r\n            <img width=\"2000\" height=\"1332\" src=\"https:\/\/l33t.digital\/noformat\/wp-content\/uploads\/2022\/02\/1.jpg\" class=\"attachment-full size-full\" alt=\"Dolabella Heights, Cavtat, Dubrovnik\" decoding=\"async\" loading=\"lazy\" srcset=\"https:\/\/l33t.digital\/noformat\/wp-content\/uploads\/2022\/02\/1.jpg 2000w, https:\/\/l33t.digital\/noformat\/wp-content\/uploads\/2022\/02\/1-300x200.jpg 300w, https:\/\/l33t.digital\/noformat\/wp-content\/uploads\/2022\/02\/1-1024x682.jpg 1024w, https:\/\/l33t.digital\/noformat\/wp-content\/uploads\/2022\/02\/1-768x511.jpg 768w, https:\/\/l33t.digital\/noformat\/wp-content\/uploads\/2022\/02\/1-1536x1023.jpg 1536w, https:\/\/l33t.digital\/noformat\/wp-content\/uploads\/2022\/02\/1-70x47.jpg 70w\" sizes=\"(max-width: 2000px) 100vw, 2000px\" \/>                      <\/div>\r\n\t\t\t\t\t\t\t\t<div class=\"content\">\r\n\t\t\t\t\t\t\t\t<h5>Fotomonta\u017ea 3D modela Dolabella Heights, Cavtat, Dubrovnik<\/h5>\r\n\t\t\t\t\t\t\t\t\t\t\t<\/div>\r\n                  <a class=\"link\" href=\"#\" data-popup-json=\"{&quot;title&quot;:&quot;Fotomonta\\u017ea 3D modela Dolabella Heights, Cavtat, Dubrovnik&quot;,&quot;desc&quot;:false,&quot;image&quot;:{&quot;url&quot;:&quot;https:\\\/\\\/l33t.digital\\\/noformat\\\/wp-content\\\/uploads\\\/2022\\\/02\\\/1.jpg&quot;,&quot;w&quot;:2000,&quot;h&quot;:1332},&quot;post_id&quot;:5026,&quot;likes&quot;:0,&quot;projectLink&quot;:&quot;https:\\\/\\\/l33t.digital\\\/noformat\\\/hr\\\/pt-portfolio\\\/fotomontaza-3d-modela-dolabella-heights-cavtat-dubrovnik\\\/&quot;,&quot;projectLinkTarget&quot;:&quot;_self&quot;}\" data-id=\"28\" ><\/a>        \t\t\t<\/div>\r\n\t\t<\/article>\r\n\t\t\t\t<article class=\"portfolio-item col-12 col-sm-4 col-lg-3 portfolio-masonry-item category-16 popup-item image-center\">\r\n\t\t\t<div class=\"wrap\">\r\n\t\t\t\t\t\t\t\t\t<div class=\"a-img\">\r\n            <img width=\"3840\" height=\"2160\" src=\"https:\/\/l33t.digital\/noformat\/wp-content\/uploads\/2022\/02\/24.jpg\" class=\"attachment-full size-full\" alt=\"Dolabella Heights, Cavtat, Dubrovnik\" decoding=\"async\" loading=\"lazy\" srcset=\"https:\/\/l33t.digital\/noformat\/wp-content\/uploads\/2022\/02\/24.jpg 3840w, https:\/\/l33t.digital\/noformat\/wp-content\/uploads\/2022\/02\/24-300x169.jpg 300w, https:\/\/l33t.digital\/noformat\/wp-content\/uploads\/2022\/02\/24-1024x576.jpg 1024w, https:\/\/l33t.digital\/noformat\/wp-content\/uploads\/2022\/02\/24-768x432.jpg 768w, https:\/\/l33t.digital\/noformat\/wp-content\/uploads\/2022\/02\/24-1536x864.jpg 1536w, https:\/\/l33t.digital\/noformat\/wp-content\/uploads\/2022\/02\/24-2048x1152.jpg 2048w, https:\/\/l33t.digital\/noformat\/wp-content\/uploads\/2022\/02\/24-70x39.jpg 70w\" sizes=\"(max-width: 3840px) 100vw, 3840px\" \/>                      <\/div>\r\n\t\t\t\t\t\t\t\t<div class=\"content\">\r\n\t\t\t\t\t\t\t\t<h5>3D vizualizacija eksterijera Dolabella Heights, Cavtat, Dubrovnik<\/h5>\r\n\t\t\t\t\t\t\t\t\t\t\t<\/div>\r\n                  <a class=\"link\" href=\"#\" data-popup-json=\"{&quot;title&quot;:&quot;3D vizualizacija eksterijera Dolabella Heights, Cavtat, Dubrovnik&quot;,&quot;desc&quot;:false,&quot;image&quot;:{&quot;url&quot;:&quot;https:\\\/\\\/l33t.digital\\\/noformat\\\/wp-content\\\/uploads\\\/2022\\\/02\\\/24.jpg&quot;,&quot;w&quot;:3840,&quot;h&quot;:2160},&quot;post_id&quot;:5025,&quot;likes&quot;:0,&quot;projectLink&quot;:&quot;https:\\\/\\\/l33t.digital\\\/noformat\\\/hr\\\/pt-portfolio\\\/3d-vizualizacija-eksterijera-dolabella-heights-cavtat-dubrovnik-3\\\/&quot;,&quot;projectLinkTarget&quot;:&quot;_self&quot;}\" data-id=\"29\" ><\/a>        \t\t\t<\/div>\r\n\t\t<\/article>\r\n\t\t\t\t<article class=\"portfolio-item col-12 col-sm-4 col-lg-3 portfolio-masonry-item category-16 popup-item image-center\">\r\n\t\t\t<div class=\"wrap\">\r\n\t\t\t\t\t\t\t\t\t<div class=\"a-img\">\r\n            <img width=\"3840\" height=\"2160\" src=\"https:\/\/l33t.digital\/noformat\/wp-content\/uploads\/2022\/02\/14.jpg\" class=\"attachment-full size-full\" alt=\"Dolabella Heights, Cavtat, Dubrovnik\" decoding=\"async\" loading=\"lazy\" srcset=\"https:\/\/l33t.digital\/noformat\/wp-content\/uploads\/2022\/02\/14.jpg 3840w, https:\/\/l33t.digital\/noformat\/wp-content\/uploads\/2022\/02\/14-300x169.jpg 300w, https:\/\/l33t.digital\/noformat\/wp-content\/uploads\/2022\/02\/14-1024x576.jpg 1024w, https:\/\/l33t.digital\/noformat\/wp-content\/uploads\/2022\/02\/14-768x432.jpg 768w, https:\/\/l33t.digital\/noformat\/wp-content\/uploads\/2022\/02\/14-1536x864.jpg 1536w, https:\/\/l33t.digital\/noformat\/wp-content\/uploads\/2022\/02\/14-2048x1152.jpg 2048w, https:\/\/l33t.digital\/noformat\/wp-content\/uploads\/2022\/02\/14-70x39.jpg 70w\" sizes=\"(max-width: 3840px) 100vw, 3840px\" \/>                      <\/div>\r\n\t\t\t\t\t\t\t\t<div class=\"content\">\r\n\t\t\t\t\t\t\t\t<h5>3D vizualizacija eksterijera Dolabella Heights, Cavtat, Dubrovnik<\/h5>\r\n\t\t\t\t\t\t\t\t\t\t\t<\/div>\r\n                  <a class=\"link\" href=\"#\" data-popup-json=\"{&quot;title&quot;:&quot;3D vizualizacija eksterijera Dolabella Heights, Cavtat, Dubrovnik&quot;,&quot;desc&quot;:false,&quot;image&quot;:{&quot;url&quot;:&quot;https:\\\/\\\/l33t.digital\\\/noformat\\\/wp-content\\\/uploads\\\/2022\\\/02\\\/14.jpg&quot;,&quot;w&quot;:3840,&quot;h&quot;:2160},&quot;post_id&quot;:5024,&quot;likes&quot;:0,&quot;projectLink&quot;:&quot;https:\\\/\\\/l33t.digital\\\/noformat\\\/hr\\\/pt-portfolio\\\/3d-vizualizacija-eksterijera-dolabella-heights-cavtat-dubrovnik-2\\\/&quot;,&quot;projectLinkTarget&quot;:&quot;_self&quot;}\" data-id=\"30\" ><\/a>        \t\t\t<\/div>\r\n\t\t<\/article>\r\n\t\t\t\t<article class=\"portfolio-item col-12 col-sm-4 col-lg-3 portfolio-masonry-item category-16 popup-item image-center\">\r\n\t\t\t<div class=\"wrap\">\r\n\t\t\t\t\t\t\t\t\t<div class=\"a-img\">\r\n            <img width=\"3840\" height=\"2160\" src=\"https:\/\/l33t.digital\/noformat\/wp-content\/uploads\/2022\/02\/4-2.jpg\" class=\"attachment-full size-full\" alt=\"Dolabella Heights, Cavtat, Dubrovnik\" decoding=\"async\" loading=\"lazy\" srcset=\"https:\/\/l33t.digital\/noformat\/wp-content\/uploads\/2022\/02\/4-2.jpg 3840w, https:\/\/l33t.digital\/noformat\/wp-content\/uploads\/2022\/02\/4-2-300x169.jpg 300w, https:\/\/l33t.digital\/noformat\/wp-content\/uploads\/2022\/02\/4-2-1024x576.jpg 1024w, https:\/\/l33t.digital\/noformat\/wp-content\/uploads\/2022\/02\/4-2-768x432.jpg 768w, https:\/\/l33t.digital\/noformat\/wp-content\/uploads\/2022\/02\/4-2-1536x864.jpg 1536w, https:\/\/l33t.digital\/noformat\/wp-content\/uploads\/2022\/02\/4-2-2048x1152.jpg 2048w, https:\/\/l33t.digital\/noformat\/wp-content\/uploads\/2022\/02\/4-2-70x39.jpg 70w\" sizes=\"(max-width: 3840px) 100vw, 3840px\" \/>                      <\/div>\r\n\t\t\t\t\t\t\t\t<div class=\"content\">\r\n\t\t\t\t\t\t\t\t<h5>3D vizualizacija eksterijera Dolabella Heights, Cavtat, Dubrovnik<\/h5>\r\n\t\t\t\t\t\t\t\t\t\t\t<\/div>\r\n                  <a class=\"link\" href=\"#\" data-popup-json=\"{&quot;title&quot;:&quot;3D vizualizacija eksterijera Dolabella Heights, Cavtat, Dubrovnik&quot;,&quot;desc&quot;:false,&quot;image&quot;:{&quot;url&quot;:&quot;https:\\\/\\\/l33t.digital\\\/noformat\\\/wp-content\\\/uploads\\\/2022\\\/02\\\/4-2.jpg&quot;,&quot;w&quot;:3840,&quot;h&quot;:2160},&quot;post_id&quot;:5023,&quot;likes&quot;:0,&quot;projectLink&quot;:&quot;https:\\\/\\\/l33t.digital\\\/noformat\\\/hr\\\/pt-portfolio\\\/3d-vizualizacija-eksterijera-dolabella-heights-cavtat-dubrovnik\\\/&quot;,&quot;projectLinkTarget&quot;:&quot;_self&quot;}\" data-id=\"31\" ><\/a>        \t\t\t<\/div>\r\n\t\t<\/article>\r\n\t\t\t\t<article class=\"portfolio-item col-12 col-sm-4 col-lg-3 portfolio-masonry-item category-16 popup-item image-center\">\r\n\t\t\t<div class=\"wrap\">\r\n\t\t\t\t\t\t\t\t\t<div class=\"a-img\">\r\n            <img width=\"5444\" height=\"3627\" src=\"https:\/\/l33t.digital\/noformat\/wp-content\/uploads\/2021\/11\/Fotomontaza-3D-modela-City-Island-Zagreb-Hrvatska.jpg\" class=\"attachment-full size-full\" alt=\"Fotomonta\u017ea 3D modela City Island, Zagreb, Hrvatska\" decoding=\"async\" loading=\"lazy\" srcset=\"https:\/\/l33t.digital\/noformat\/wp-content\/uploads\/2021\/11\/Fotomontaza-3D-modela-City-Island-Zagreb-Hrvatska.jpg 5444w, https:\/\/l33t.digital\/noformat\/wp-content\/uploads\/2021\/11\/Fotomontaza-3D-modela-City-Island-Zagreb-Hrvatska-300x200.jpg 300w, https:\/\/l33t.digital\/noformat\/wp-content\/uploads\/2021\/11\/Fotomontaza-3D-modela-City-Island-Zagreb-Hrvatska-1024x682.jpg 1024w, https:\/\/l33t.digital\/noformat\/wp-content\/uploads\/2021\/11\/Fotomontaza-3D-modela-City-Island-Zagreb-Hrvatska-768x512.jpg 768w, https:\/\/l33t.digital\/noformat\/wp-content\/uploads\/2021\/11\/Fotomontaza-3D-modela-City-Island-Zagreb-Hrvatska-1536x1023.jpg 1536w, https:\/\/l33t.digital\/noformat\/wp-content\/uploads\/2021\/11\/Fotomontaza-3D-modela-City-Island-Zagreb-Hrvatska-2048x1364.jpg 2048w, https:\/\/l33t.digital\/noformat\/wp-content\/uploads\/2021\/11\/Fotomontaza-3D-modela-City-Island-Zagreb-Hrvatska-70x47.jpg 70w\" sizes=\"(max-width: 5444px) 100vw, 5444px\" \/>                      <\/div>\r\n\t\t\t\t\t\t\t\t<div class=\"content\">\r\n\t\t\t\t\t\t\t\t<h5>Fotomonta\u017ea 3D modela City Island, Zagreb, Hrvatska<\/h5>\r\n\t\t\t\t\t\t\t\t\t\t\t<\/div>\r\n                  <a class=\"link\" href=\"#\" data-popup-json=\"{&quot;title&quot;:&quot;Fotomonta\\u017ea 3D modela City Island, Zagreb, Hrvatska&quot;,&quot;desc&quot;:false,&quot;image&quot;:{&quot;url&quot;:&quot;https:\\\/\\\/l33t.digital\\\/noformat\\\/wp-content\\\/uploads\\\/2021\\\/11\\\/Fotomontaza-3D-modela-City-Island-Zagreb-Hrvatska.jpg&quot;,&quot;w&quot;:5444,&quot;h&quot;:3627},&quot;post_id&quot;:3040,&quot;likes&quot;:0,&quot;projectLink&quot;:&quot;https:\\\/\\\/l33t.digital\\\/noformat\\\/hr\\\/pt-portfolio\\\/fotomontaza-3d-modela-city-island-zagreb-hrvatska\\\/&quot;,&quot;projectLinkTarget&quot;:&quot;_self&quot;}\" data-id=\"32\" ><\/a>        \t\t\t<\/div>\r\n\t\t<\/article>\r\n\t\t\t\t<article class=\"portfolio-item col-12 col-sm-4 col-lg-3 portfolio-masonry-item category-16 popup-item image-center\">\r\n\t\t\t<div class=\"wrap\">\r\n\t\t\t\t\t\t\t\t\t<div class=\"a-img\">\r\n            <img width=\"1920\" height=\"1440\" src=\"https:\/\/l33t.digital\/noformat\/wp-content\/uploads\/2021\/11\/3D-vizualizacija-City-Island-Zagreb-Hrvatska-3.jpg\" class=\"attachment-full size-full\" alt=\"3D vizualizacija City Island, Zagreb, Hrvatska\" decoding=\"async\" loading=\"lazy\" srcset=\"https:\/\/l33t.digital\/noformat\/wp-content\/uploads\/2021\/11\/3D-vizualizacija-City-Island-Zagreb-Hrvatska-3.jpg 1920w, https:\/\/l33t.digital\/noformat\/wp-content\/uploads\/2021\/11\/3D-vizualizacija-City-Island-Zagreb-Hrvatska-3-300x225.jpg 300w, https:\/\/l33t.digital\/noformat\/wp-content\/uploads\/2021\/11\/3D-vizualizacija-City-Island-Zagreb-Hrvatska-3-1024x768.jpg 1024w, https:\/\/l33t.digital\/noformat\/wp-content\/uploads\/2021\/11\/3D-vizualizacija-City-Island-Zagreb-Hrvatska-3-768x576.jpg 768w, https:\/\/l33t.digital\/noformat\/wp-content\/uploads\/2021\/11\/3D-vizualizacija-City-Island-Zagreb-Hrvatska-3-1536x1152.jpg 1536w, https:\/\/l33t.digital\/noformat\/wp-content\/uploads\/2021\/11\/3D-vizualizacija-City-Island-Zagreb-Hrvatska-3-70x53.jpg 70w\" sizes=\"(max-width: 1920px) 100vw, 1920px\" \/>                      <\/div>\r\n\t\t\t\t\t\t\t\t<div class=\"content\">\r\n\t\t\t\t\t\t\t\t<h5>3D vizualizacija City Island, Zagreb, Hrvatska<\/h5>\r\n\t\t\t\t\t\t\t\t\t\t\t<\/div>\r\n                  <a class=\"link\" href=\"#\" data-popup-json=\"{&quot;title&quot;:&quot;3D vizualizacija City Island, Zagreb, Hrvatska&quot;,&quot;desc&quot;:false,&quot;image&quot;:{&quot;url&quot;:&quot;https:\\\/\\\/l33t.digital\\\/noformat\\\/wp-content\\\/uploads\\\/2021\\\/11\\\/3D-vizualizacija-City-Island-Zagreb-Hrvatska-3.jpg&quot;,&quot;w&quot;:1920,&quot;h&quot;:1440},&quot;post_id&quot;:3025,&quot;likes&quot;:0,&quot;projectLink&quot;:&quot;https:\\\/\\\/l33t.digital\\\/noformat\\\/hr\\\/pt-portfolio\\\/3d-vizualizacija-city-island-zagreb-hrvatska-4\\\/&quot;,&quot;projectLinkTarget&quot;:&quot;_self&quot;}\" data-id=\"33\" ><\/a>        \t\t\t<\/div>\r\n\t\t<\/article>\r\n\t\t\t\t<article class=\"portfolio-item col-12 col-sm-4 col-lg-3 portfolio-masonry-item category-16 popup-item image-center\">\r\n\t\t\t<div class=\"wrap\">\r\n\t\t\t\t\t\t\t\t\t<div class=\"a-img\">\r\n            <img width=\"1920\" height=\"1440\" src=\"https:\/\/l33t.digital\/noformat\/wp-content\/uploads\/2021\/11\/3D-vizualizacija-City-Island-Zagreb-Hrvatska-2.jpg\" class=\"attachment-full size-full\" alt=\"3D vizualizacija - City Island, Zagreb, Hrvatska\" decoding=\"async\" loading=\"lazy\" srcset=\"https:\/\/l33t.digital\/noformat\/wp-content\/uploads\/2021\/11\/3D-vizualizacija-City-Island-Zagreb-Hrvatska-2.jpg 1920w, https:\/\/l33t.digital\/noformat\/wp-content\/uploads\/2021\/11\/3D-vizualizacija-City-Island-Zagreb-Hrvatska-2-300x225.jpg 300w, https:\/\/l33t.digital\/noformat\/wp-content\/uploads\/2021\/11\/3D-vizualizacija-City-Island-Zagreb-Hrvatska-2-1024x768.jpg 1024w, https:\/\/l33t.digital\/noformat\/wp-content\/uploads\/2021\/11\/3D-vizualizacija-City-Island-Zagreb-Hrvatska-2-768x576.jpg 768w, https:\/\/l33t.digital\/noformat\/wp-content\/uploads\/2021\/11\/3D-vizualizacija-City-Island-Zagreb-Hrvatska-2-1536x1152.jpg 1536w, https:\/\/l33t.digital\/noformat\/wp-content\/uploads\/2021\/11\/3D-vizualizacija-City-Island-Zagreb-Hrvatska-2-70x53.jpg 70w\" sizes=\"(max-width: 1920px) 100vw, 1920px\" \/>                      <\/div>\r\n\t\t\t\t\t\t\t\t<div class=\"content\">\r\n\t\t\t\t\t\t\t\t<h5>3D vizualizacija - City Island, Zagreb, Hrvatska<\/h5>\r\n\t\t\t\t\t\t\t\t\t\t\t<\/div>\r\n                  <a class=\"link\" href=\"#\" data-popup-json=\"{&quot;title&quot;:&quot;3D vizualizacija - City Island, Zagreb, Hrvatska&quot;,&quot;desc&quot;:false,&quot;image&quot;:{&quot;url&quot;:&quot;https:\\\/\\\/l33t.digital\\\/noformat\\\/wp-content\\\/uploads\\\/2021\\\/11\\\/3D-vizualizacija-City-Island-Zagreb-Hrvatska-2.jpg&quot;,&quot;w&quot;:1920,&quot;h&quot;:1440},&quot;post_id&quot;:3022,&quot;likes&quot;:0,&quot;projectLink&quot;:&quot;https:\\\/\\\/l33t.digital\\\/noformat\\\/hr\\\/pt-portfolio\\\/3d-vizualizacija-city-island-zagreb-hrvatska-3\\\/&quot;,&quot;projectLinkTarget&quot;:&quot;_self&quot;}\" data-id=\"34\" ><\/a>        \t\t\t<\/div>\r\n\t\t<\/article>\r\n\t\t\t\t<article class=\"portfolio-item col-12 col-sm-4 col-lg-3 portfolio-masonry-item category-16 popup-item image-center\">\r\n\t\t\t<div class=\"wrap\">\r\n\t\t\t\t\t\t\t\t\t<div class=\"a-img\">\r\n            <img width=\"1920\" height=\"1440\" src=\"https:\/\/l33t.digital\/noformat\/wp-content\/uploads\/2021\/11\/3D-vizualizacija-NOVA-TV-terase-Zagreb-Hrvatska.jpg\" class=\"attachment-full size-full\" alt=\"3D vizualizacija NOVA TV terase, Zagreb, Hrvatska\" decoding=\"async\" loading=\"lazy\" srcset=\"https:\/\/l33t.digital\/noformat\/wp-content\/uploads\/2021\/11\/3D-vizualizacija-NOVA-TV-terase-Zagreb-Hrvatska.jpg 1920w, https:\/\/l33t.digital\/noformat\/wp-content\/uploads\/2021\/11\/3D-vizualizacija-NOVA-TV-terase-Zagreb-Hrvatska-300x225.jpg 300w, https:\/\/l33t.digital\/noformat\/wp-content\/uploads\/2021\/11\/3D-vizualizacija-NOVA-TV-terase-Zagreb-Hrvatska-1024x768.jpg 1024w, https:\/\/l33t.digital\/noformat\/wp-content\/uploads\/2021\/11\/3D-vizualizacija-NOVA-TV-terase-Zagreb-Hrvatska-768x576.jpg 768w, https:\/\/l33t.digital\/noformat\/wp-content\/uploads\/2021\/11\/3D-vizualizacija-NOVA-TV-terase-Zagreb-Hrvatska-1536x1152.jpg 1536w, https:\/\/l33t.digital\/noformat\/wp-content\/uploads\/2021\/11\/3D-vizualizacija-NOVA-TV-terase-Zagreb-Hrvatska-70x53.jpg 70w\" sizes=\"(max-width: 1920px) 100vw, 1920px\" \/>                      <\/div>\r\n\t\t\t\t\t\t\t\t<div class=\"content\">\r\n\t\t\t\t\t\t\t\t<h5>3D vizualizacija NOVA TV terase, Zagreb, Hrvatska<\/h5>\r\n\t\t\t\t\t\t\t\t\t\t\t<\/div>\r\n                  <a class=\"link\" href=\"#\" data-popup-json=\"{&quot;title&quot;:&quot;3D vizualizacija NOVA TV terase, Zagreb, Hrvatska&quot;,&quot;desc&quot;:false,&quot;image&quot;:{&quot;url&quot;:&quot;https:\\\/\\\/l33t.digital\\\/noformat\\\/wp-content\\\/uploads\\\/2021\\\/11\\\/3D-vizualizacija-NOVA-TV-terase-Zagreb-Hrvatska.jpg&quot;,&quot;w&quot;:1920,&quot;h&quot;:1440},&quot;post_id&quot;:3007,&quot;likes&quot;:0,&quot;projectLink&quot;:&quot;https:\\\/\\\/l33t.digital\\\/noformat\\\/hr\\\/pt-portfolio\\\/3d-vizualizacija-nova-tv-terase-zagreb-hrvatska\\\/&quot;,&quot;projectLinkTarget&quot;:&quot;_self&quot;}\" data-id=\"35\" ><\/a>        \t\t\t<\/div>\r\n\t\t<\/article>\r\n\t\t\t\t<article class=\"portfolio-item col-12 col-sm-4 col-lg-3 portfolio-masonry-item category-16 popup-item image-center\">\r\n\t\t\t<div class=\"wrap\">\r\n\t\t\t\t\t\t\t\t\t<div class=\"a-img\">\r\n            <img width=\"1920\" height=\"1440\" src=\"https:\/\/l33t.digital\/noformat\/wp-content\/uploads\/2021\/11\/3D-vizualizacija-garazne-zgrade-Hrvatska.jpg\" class=\"attachment-full size-full\" alt=\"3D vizualizacija gara\u017ene zgrade, Hrvatska\" decoding=\"async\" loading=\"lazy\" srcset=\"https:\/\/l33t.digital\/noformat\/wp-content\/uploads\/2021\/11\/3D-vizualizacija-garazne-zgrade-Hrvatska.jpg 1920w, https:\/\/l33t.digital\/noformat\/wp-content\/uploads\/2021\/11\/3D-vizualizacija-garazne-zgrade-Hrvatska-300x225.jpg 300w, https:\/\/l33t.digital\/noformat\/wp-content\/uploads\/2021\/11\/3D-vizualizacija-garazne-zgrade-Hrvatska-1024x768.jpg 1024w, https:\/\/l33t.digital\/noformat\/wp-content\/uploads\/2021\/11\/3D-vizualizacija-garazne-zgrade-Hrvatska-768x576.jpg 768w, https:\/\/l33t.digital\/noformat\/wp-content\/uploads\/2021\/11\/3D-vizualizacija-garazne-zgrade-Hrvatska-1536x1152.jpg 1536w, https:\/\/l33t.digital\/noformat\/wp-content\/uploads\/2021\/11\/3D-vizualizacija-garazne-zgrade-Hrvatska-70x53.jpg 70w\" sizes=\"(max-width: 1920px) 100vw, 1920px\" \/>                      <\/div>\r\n\t\t\t\t\t\t\t\t<div class=\"content\">\r\n\t\t\t\t\t\t\t\t<h5>3D vizualizacija gara\u017ene zgrade, Hrvatska<\/h5>\r\n\t\t\t\t\t\t\t\t\t\t\t<\/div>\r\n                  <a class=\"link\" href=\"#\" data-popup-json=\"{&quot;title&quot;:&quot;3D vizualizacija gara\\u017ene zgrade, Hrvatska&quot;,&quot;desc&quot;:false,&quot;image&quot;:{&quot;url&quot;:&quot;https:\\\/\\\/l33t.digital\\\/noformat\\\/wp-content\\\/uploads\\\/2021\\\/11\\\/3D-vizualizacija-garazne-zgrade-Hrvatska.jpg&quot;,&quot;w&quot;:1920,&quot;h&quot;:1440},&quot;post_id&quot;:3004,&quot;likes&quot;:0,&quot;projectLink&quot;:&quot;https:\\\/\\\/l33t.digital\\\/noformat\\\/hr\\\/pt-portfolio\\\/3d-vizualizacija-garazne-zgrade-hrvatska\\\/&quot;,&quot;projectLinkTarget&quot;:&quot;_self&quot;}\" data-id=\"36\" ><\/a>        \t\t\t<\/div>\r\n\t\t<\/article>\r\n\t\t\t\t<article class=\"portfolio-item col-12 col-sm-4 col-lg-3 portfolio-masonry-item category-16 popup-item image-center\">\r\n\t\t\t<div class=\"wrap\">\r\n\t\t\t\t\t\t\t\t\t<div class=\"a-img\">\r\n            <img width=\"1920\" height=\"1440\" src=\"https:\/\/l33t.digital\/noformat\/wp-content\/uploads\/2021\/11\/3D-vizualizacija-City-Island-Zagreb-Hrvatska-1.jpg\" class=\"attachment-full size-full\" alt=\"3D vizualizacija City Island, Zagreb, Hrvatska\" decoding=\"async\" loading=\"lazy\" srcset=\"https:\/\/l33t.digital\/noformat\/wp-content\/uploads\/2021\/11\/3D-vizualizacija-City-Island-Zagreb-Hrvatska-1.jpg 1920w, https:\/\/l33t.digital\/noformat\/wp-content\/uploads\/2021\/11\/3D-vizualizacija-City-Island-Zagreb-Hrvatska-1-300x225.jpg 300w, https:\/\/l33t.digital\/noformat\/wp-content\/uploads\/2021\/11\/3D-vizualizacija-City-Island-Zagreb-Hrvatska-1-1024x768.jpg 1024w, https:\/\/l33t.digital\/noformat\/wp-content\/uploads\/2021\/11\/3D-vizualizacija-City-Island-Zagreb-Hrvatska-1-768x576.jpg 768w, https:\/\/l33t.digital\/noformat\/wp-content\/uploads\/2021\/11\/3D-vizualizacija-City-Island-Zagreb-Hrvatska-1-1536x1152.jpg 1536w, https:\/\/l33t.digital\/noformat\/wp-content\/uploads\/2021\/11\/3D-vizualizacija-City-Island-Zagreb-Hrvatska-1-70x53.jpg 70w\" sizes=\"(max-width: 1920px) 100vw, 1920px\" \/>                      <\/div>\r\n\t\t\t\t\t\t\t\t<div class=\"content\">\r\n\t\t\t\t\t\t\t\t<h5>3D vizualizacija City Island, Zagreb, Hrvatska<\/h5>\r\n\t\t\t\t\t\t\t\t\t\t\t<\/div>\r\n                  <a class=\"link\" href=\"#\" data-popup-json=\"{&quot;title&quot;:&quot;3D vizualizacija City Island, Zagreb, Hrvatska&quot;,&quot;desc&quot;:false,&quot;image&quot;:{&quot;url&quot;:&quot;https:\\\/\\\/l33t.digital\\\/noformat\\\/wp-content\\\/uploads\\\/2021\\\/11\\\/3D-vizualizacija-City-Island-Zagreb-Hrvatska-1.jpg&quot;,&quot;w&quot;:1920,&quot;h&quot;:1440},&quot;post_id&quot;:3001,&quot;likes&quot;:0,&quot;projectLink&quot;:&quot;https:\\\/\\\/l33t.digital\\\/noformat\\\/hr\\\/pt-portfolio\\\/3d-vizualizacija-city-island-zagreb-hrvatska-2\\\/&quot;,&quot;projectLinkTarget&quot;:&quot;_self&quot;}\" data-id=\"37\" ><\/a>        \t\t\t<\/div>\r\n\t\t<\/article>\r\n\t\t\t\t<article class=\"portfolio-item col-12 col-sm-4 col-lg-3 portfolio-masonry-item category-16 popup-item image-center\">\r\n\t\t\t<div class=\"wrap\">\r\n\t\t\t\t\t\t\t\t\t<div class=\"a-img\">\r\n            <img width=\"1920\" height=\"1440\" src=\"https:\/\/l33t.digital\/noformat\/wp-content\/uploads\/2021\/11\/3D-vizualizacija-City-Island-Zagreb-Hrvatska.jpg\" class=\"attachment-full size-full\" alt=\"3D vizualizacija - City Island, Zagreb, Hrvatska\" decoding=\"async\" loading=\"lazy\" srcset=\"https:\/\/l33t.digital\/noformat\/wp-content\/uploads\/2021\/11\/3D-vizualizacija-City-Island-Zagreb-Hrvatska.jpg 1920w, https:\/\/l33t.digital\/noformat\/wp-content\/uploads\/2021\/11\/3D-vizualizacija-City-Island-Zagreb-Hrvatska-300x225.jpg 300w, https:\/\/l33t.digital\/noformat\/wp-content\/uploads\/2021\/11\/3D-vizualizacija-City-Island-Zagreb-Hrvatska-1024x768.jpg 1024w, https:\/\/l33t.digital\/noformat\/wp-content\/uploads\/2021\/11\/3D-vizualizacija-City-Island-Zagreb-Hrvatska-768x576.jpg 768w, https:\/\/l33t.digital\/noformat\/wp-content\/uploads\/2021\/11\/3D-vizualizacija-City-Island-Zagreb-Hrvatska-1536x1152.jpg 1536w, https:\/\/l33t.digital\/noformat\/wp-content\/uploads\/2021\/11\/3D-vizualizacija-City-Island-Zagreb-Hrvatska-70x53.jpg 70w\" sizes=\"(max-width: 1920px) 100vw, 1920px\" \/>                      <\/div>\r\n\t\t\t\t\t\t\t\t<div class=\"content\">\r\n\t\t\t\t\t\t\t\t<h5>3D vizualizacija - City Island, Zagreb, Hrvatska<\/h5>\r\n\t\t\t\t\t\t\t\t\t\t\t<\/div>\r\n                  <a class=\"link\" href=\"#\" data-popup-json=\"{&quot;title&quot;:&quot;3D vizualizacija - City Island, Zagreb, Hrvatska&quot;,&quot;desc&quot;:false,&quot;image&quot;:{&quot;url&quot;:&quot;https:\\\/\\\/l33t.digital\\\/noformat\\\/wp-content\\\/uploads\\\/2021\\\/11\\\/3D-vizualizacija-City-Island-Zagreb-Hrvatska.jpg&quot;,&quot;w&quot;:1920,&quot;h&quot;:1440},&quot;post_id&quot;:2998,&quot;likes&quot;:0,&quot;projectLink&quot;:&quot;https:\\\/\\\/l33t.digital\\\/noformat\\\/hr\\\/pt-portfolio\\\/3d-vizualizacija-city-island-zagreb-hrvatska\\\/&quot;,&quot;projectLinkTarget&quot;:&quot;_self&quot;}\" data-id=\"38\" ><\/a>        \t\t\t<\/div>\r\n\t\t<\/article>\r\n\t\t\t\t<article class=\"portfolio-item col-12 col-sm-4 col-lg-3 portfolio-masonry-item category-16 popup-item image-center\">\r\n\t\t\t<div class=\"wrap\">\r\n\t\t\t\t\t\t\t\t\t<div class=\"a-img\">\r\n            <img width=\"1920\" height=\"1279\" src=\"https:\/\/l33t.digital\/noformat\/wp-content\/uploads\/2021\/11\/Fotomontaza-urbane-vile-na-Gracanima-Zagreb-Hrvatska.jpg\" class=\"attachment-full size-full\" alt=\"Fotomonta\u017ea urbane vile na Gra\u010danima, Zagreb, Hrvatska\" decoding=\"async\" loading=\"lazy\" srcset=\"https:\/\/l33t.digital\/noformat\/wp-content\/uploads\/2021\/11\/Fotomontaza-urbane-vile-na-Gracanima-Zagreb-Hrvatska.jpg 1920w, https:\/\/l33t.digital\/noformat\/wp-content\/uploads\/2021\/11\/Fotomontaza-urbane-vile-na-Gracanima-Zagreb-Hrvatska-300x200.jpg 300w, https:\/\/l33t.digital\/noformat\/wp-content\/uploads\/2021\/11\/Fotomontaza-urbane-vile-na-Gracanima-Zagreb-Hrvatska-1024x682.jpg 1024w, https:\/\/l33t.digital\/noformat\/wp-content\/uploads\/2021\/11\/Fotomontaza-urbane-vile-na-Gracanima-Zagreb-Hrvatska-768x512.jpg 768w, https:\/\/l33t.digital\/noformat\/wp-content\/uploads\/2021\/11\/Fotomontaza-urbane-vile-na-Gracanima-Zagreb-Hrvatska-1536x1023.jpg 1536w, https:\/\/l33t.digital\/noformat\/wp-content\/uploads\/2021\/11\/Fotomontaza-urbane-vile-na-Gracanima-Zagreb-Hrvatska-70x47.jpg 70w\" sizes=\"(max-width: 1920px) 100vw, 1920px\" \/>                      <\/div>\r\n\t\t\t\t\t\t\t\t<div class=\"content\">\r\n\t\t\t\t\t\t\t\t<h5>Fotomonta\u017ea urbane vile na Gra\u010danima, Zagreb, Hrvatska<\/h5>\r\n\t\t\t\t\t\t\t\t\t\t\t<\/div>\r\n                  <a class=\"link\" href=\"#\" data-popup-json=\"{&quot;title&quot;:&quot;Fotomonta\\u017ea urbane vile na Gra\\u010danima, Zagreb, Hrvatska&quot;,&quot;desc&quot;:false,&quot;image&quot;:{&quot;url&quot;:&quot;https:\\\/\\\/l33t.digital\\\/noformat\\\/wp-content\\\/uploads\\\/2021\\\/11\\\/Fotomontaza-urbane-vile-na-Gracanima-Zagreb-Hrvatska.jpg&quot;,&quot;w&quot;:1920,&quot;h&quot;:1279},&quot;post_id&quot;:3037,&quot;likes&quot;:0,&quot;projectLink&quot;:&quot;https:\\\/\\\/l33t.digital\\\/noformat\\\/hr\\\/pt-portfolio\\\/fotomontaza-urbane-vile-na-gracanima-zagreb-hrvatska\\\/&quot;,&quot;projectLinkTarget&quot;:&quot;_self&quot;}\" data-id=\"39\" ><\/a>        \t\t\t<\/div>\r\n\t\t<\/article>\r\n\t\t\t\t<article class=\"portfolio-item col-12 col-sm-4 col-lg-3 portfolio-masonry-item category-16 popup-item image-center\">\r\n\t\t\t<div class=\"wrap\">\r\n\t\t\t\t\t\t\t\t\t<div class=\"a-img\">\r\n            <img width=\"1920\" height=\"1080\" src=\"https:\/\/l33t.digital\/noformat\/wp-content\/uploads\/2021\/11\/3D-vizualizacija-urbane-vile-na-Gracanima-Zagreb-Hrvatska.jpg\" class=\"attachment-full size-full\" alt=\"3D vizualizacija urbane vile na Gra\u010danima, Zagreb, Hrvatska\" decoding=\"async\" loading=\"lazy\" srcset=\"https:\/\/l33t.digital\/noformat\/wp-content\/uploads\/2021\/11\/3D-vizualizacija-urbane-vile-na-Gracanima-Zagreb-Hrvatska.jpg 1920w, https:\/\/l33t.digital\/noformat\/wp-content\/uploads\/2021\/11\/3D-vizualizacija-urbane-vile-na-Gracanima-Zagreb-Hrvatska-300x169.jpg 300w, https:\/\/l33t.digital\/noformat\/wp-content\/uploads\/2021\/11\/3D-vizualizacija-urbane-vile-na-Gracanima-Zagreb-Hrvatska-1024x576.jpg 1024w, https:\/\/l33t.digital\/noformat\/wp-content\/uploads\/2021\/11\/3D-vizualizacija-urbane-vile-na-Gracanima-Zagreb-Hrvatska-768x432.jpg 768w, https:\/\/l33t.digital\/noformat\/wp-content\/uploads\/2021\/11\/3D-vizualizacija-urbane-vile-na-Gracanima-Zagreb-Hrvatska-1536x864.jpg 1536w, https:\/\/l33t.digital\/noformat\/wp-content\/uploads\/2021\/11\/3D-vizualizacija-urbane-vile-na-Gracanima-Zagreb-Hrvatska-70x39.jpg 70w\" sizes=\"(max-width: 1920px) 100vw, 1920px\" \/>                      <\/div>\r\n\t\t\t\t\t\t\t\t<div class=\"content\">\r\n\t\t\t\t\t\t\t\t<h5>3D vizualizacija urbane vile na Gra\u010danima, Zagreb, Hrvatska<\/h5>\r\n\t\t\t\t\t\t\t\t\t\t\t<\/div>\r\n                  <a class=\"link\" href=\"#\" data-popup-json=\"{&quot;title&quot;:&quot;3D vizualizacija urbane vile na Gra\\u010danima, Zagreb, Hrvatska&quot;,&quot;desc&quot;:false,&quot;image&quot;:{&quot;url&quot;:&quot;https:\\\/\\\/l33t.digital\\\/noformat\\\/wp-content\\\/uploads\\\/2021\\\/11\\\/3D-vizualizacija-urbane-vile-na-Gracanima-Zagreb-Hrvatska.jpg&quot;,&quot;w&quot;:1920,&quot;h&quot;:1080},&quot;post_id&quot;:2992,&quot;likes&quot;:0,&quot;projectLink&quot;:&quot;https:\\\/\\\/l33t.digital\\\/noformat\\\/hr\\\/pt-portfolio\\\/3d-vizualizacija-urbane-vile-na-gracanima-zagreb-hrvatska\\\/&quot;,&quot;projectLinkTarget&quot;:&quot;_self&quot;}\" data-id=\"40\" ><\/a>        \t\t\t<\/div>\r\n\t\t<\/article>\r\n\t\t\t\t<article class=\"portfolio-item col-12 col-sm-4 col-lg-3 portfolio-masonry-item category-16 popup-item image-center\">\r\n\t\t\t<div class=\"wrap\">\r\n\t\t\t\t\t\t\t\t\t<div class=\"a-img\">\r\n            <img width=\"1920\" height=\"1080\" src=\"https:\/\/l33t.digital\/noformat\/wp-content\/uploads\/2021\/11\/3D-vizualizacija-urbane-vile-Gracani-Zagreb-Hrvatska.jpg\" class=\"attachment-full size-full\" alt=\"3D vizualizacija urbane vile - Gra\u010dani, Zagreb, Hrvatska\" decoding=\"async\" loading=\"lazy\" srcset=\"https:\/\/l33t.digital\/noformat\/wp-content\/uploads\/2021\/11\/3D-vizualizacija-urbane-vile-Gracani-Zagreb-Hrvatska.jpg 1920w, https:\/\/l33t.digital\/noformat\/wp-content\/uploads\/2021\/11\/3D-vizualizacija-urbane-vile-Gracani-Zagreb-Hrvatska-300x169.jpg 300w, https:\/\/l33t.digital\/noformat\/wp-content\/uploads\/2021\/11\/3D-vizualizacija-urbane-vile-Gracani-Zagreb-Hrvatska-1024x576.jpg 1024w, https:\/\/l33t.digital\/noformat\/wp-content\/uploads\/2021\/11\/3D-vizualizacija-urbane-vile-Gracani-Zagreb-Hrvatska-768x432.jpg 768w, https:\/\/l33t.digital\/noformat\/wp-content\/uploads\/2021\/11\/3D-vizualizacija-urbane-vile-Gracani-Zagreb-Hrvatska-1536x864.jpg 1536w, https:\/\/l33t.digital\/noformat\/wp-content\/uploads\/2021\/11\/3D-vizualizacija-urbane-vile-Gracani-Zagreb-Hrvatska-70x39.jpg 70w\" sizes=\"(max-width: 1920px) 100vw, 1920px\" \/>                      <\/div>\r\n\t\t\t\t\t\t\t\t<div class=\"content\">\r\n\t\t\t\t\t\t\t\t<h5>3D vizualizacija urbane vile - Gra\u010dani, Zagreb, Hrvatska<\/h5>\r\n\t\t\t\t\t\t\t\t\t\t\t<\/div>\r\n                  <a class=\"link\" href=\"#\" data-popup-json=\"{&quot;title&quot;:&quot;3D vizualizacija urbane vile - Gra\\u010dani, Zagreb, Hrvatska&quot;,&quot;desc&quot;:false,&quot;image&quot;:{&quot;url&quot;:&quot;https:\\\/\\\/l33t.digital\\\/noformat\\\/wp-content\\\/uploads\\\/2021\\\/11\\\/3D-vizualizacija-urbane-vile-Gracani-Zagreb-Hrvatska.jpg&quot;,&quot;w&quot;:1920,&quot;h&quot;:1080},&quot;post_id&quot;:2989,&quot;likes&quot;:0,&quot;projectLink&quot;:&quot;https:\\\/\\\/l33t.digital\\\/noformat\\\/hr\\\/pt-portfolio\\\/3d-vizualizacija-urbane-vile-gracani-zagreb-hrvatska\\\/&quot;,&quot;projectLinkTarget&quot;:&quot;_self&quot;}\" data-id=\"41\" ><\/a>        \t\t\t<\/div>\r\n\t\t<\/article>\r\n\t\t\t\t<article class=\"portfolio-item col-12 col-sm-4 col-lg-3 portfolio-masonry-item category-16 popup-item image-center\">\r\n\t\t\t<div class=\"wrap\">\r\n\t\t\t\t\t\t\t\t\t<div class=\"a-img\">\r\n            <img width=\"1920\" height=\"1152\" src=\"https:\/\/l33t.digital\/noformat\/wp-content\/uploads\/2021\/11\/3D-vizualizacija-obiteljska-vila-na-Borcecu-Zagreb-Hrvatska.jpg\" class=\"attachment-full size-full\" alt=\"3D vizualizacija - obiteljska vila na Bor\u010decu, Zagreb, Hrvatska\" decoding=\"async\" loading=\"lazy\" srcset=\"https:\/\/l33t.digital\/noformat\/wp-content\/uploads\/2021\/11\/3D-vizualizacija-obiteljska-vila-na-Borcecu-Zagreb-Hrvatska.jpg 1920w, https:\/\/l33t.digital\/noformat\/wp-content\/uploads\/2021\/11\/3D-vizualizacija-obiteljska-vila-na-Borcecu-Zagreb-Hrvatska-300x180.jpg 300w, https:\/\/l33t.digital\/noformat\/wp-content\/uploads\/2021\/11\/3D-vizualizacija-obiteljska-vila-na-Borcecu-Zagreb-Hrvatska-1024x614.jpg 1024w, https:\/\/l33t.digital\/noformat\/wp-content\/uploads\/2021\/11\/3D-vizualizacija-obiteljska-vila-na-Borcecu-Zagreb-Hrvatska-768x461.jpg 768w, https:\/\/l33t.digital\/noformat\/wp-content\/uploads\/2021\/11\/3D-vizualizacija-obiteljska-vila-na-Borcecu-Zagreb-Hrvatska-1536x922.jpg 1536w, https:\/\/l33t.digital\/noformat\/wp-content\/uploads\/2021\/11\/3D-vizualizacija-obiteljska-vila-na-Borcecu-Zagreb-Hrvatska-70x42.jpg 70w\" sizes=\"(max-width: 1920px) 100vw, 1920px\" \/>                      <\/div>\r\n\t\t\t\t\t\t\t\t<div class=\"content\">\r\n\t\t\t\t\t\t\t\t<h5>3D vizualizacija - obiteljska vila na Bor\u010decu, Zagreb, Hrvatska<\/h5>\r\n\t\t\t\t\t\t\t\t\t\t\t<\/div>\r\n                  <a class=\"link\" href=\"#\" data-popup-json=\"{&quot;title&quot;:&quot;3D vizualizacija - obiteljska vila na Bor\\u010decu, Zagreb, Hrvatska&quot;,&quot;desc&quot;:false,&quot;image&quot;:{&quot;url&quot;:&quot;https:\\\/\\\/l33t.digital\\\/noformat\\\/wp-content\\\/uploads\\\/2021\\\/11\\\/3D-vizualizacija-obiteljska-vila-na-Borcecu-Zagreb-Hrvatska.jpg&quot;,&quot;w&quot;:1920,&quot;h&quot;:1152},&quot;post_id&quot;:3106,&quot;likes&quot;:0,&quot;projectLink&quot;:&quot;https:\\\/\\\/l33t.digital\\\/noformat\\\/hr\\\/pt-portfolio\\\/3d-visualization-family-villa-in-borcec-zagreb-croatia\\\/&quot;,&quot;projectLinkTarget&quot;:&quot;_self&quot;}\" data-id=\"42\" ><\/a>        \t\t\t<\/div>\r\n\t\t<\/article>\r\n\t\t\t\t<article class=\"portfolio-item col-12 col-sm-4 col-lg-3 portfolio-masonry-item category-16 popup-item image-center\">\r\n\t\t\t<div class=\"wrap\">\r\n\t\t\t\t\t\t\t\t\t<div class=\"a-img\">\r\n            <img width=\"1920\" height=\"1152\" src=\"https:\/\/l33t.digital\/noformat\/wp-content\/uploads\/2021\/11\/3D-vizualizacija-obiteljske-vile-Borcec-Zagreb-Hrvatska.jpg\" class=\"attachment-full size-full\" alt=\"3D vizualizacija obiteljske vile - Bor\u010dec, Zagreb, Hrvatska\" decoding=\"async\" loading=\"lazy\" srcset=\"https:\/\/l33t.digital\/noformat\/wp-content\/uploads\/2021\/11\/3D-vizualizacija-obiteljske-vile-Borcec-Zagreb-Hrvatska.jpg 1920w, https:\/\/l33t.digital\/noformat\/wp-content\/uploads\/2021\/11\/3D-vizualizacija-obiteljske-vile-Borcec-Zagreb-Hrvatska-300x180.jpg 300w, https:\/\/l33t.digital\/noformat\/wp-content\/uploads\/2021\/11\/3D-vizualizacija-obiteljske-vile-Borcec-Zagreb-Hrvatska-1024x614.jpg 1024w, https:\/\/l33t.digital\/noformat\/wp-content\/uploads\/2021\/11\/3D-vizualizacija-obiteljske-vile-Borcec-Zagreb-Hrvatska-768x461.jpg 768w, https:\/\/l33t.digital\/noformat\/wp-content\/uploads\/2021\/11\/3D-vizualizacija-obiteljske-vile-Borcec-Zagreb-Hrvatska-1536x922.jpg 1536w, https:\/\/l33t.digital\/noformat\/wp-content\/uploads\/2021\/11\/3D-vizualizacija-obiteljske-vile-Borcec-Zagreb-Hrvatska-70x42.jpg 70w\" sizes=\"(max-width: 1920px) 100vw, 1920px\" \/>                      <\/div>\r\n\t\t\t\t\t\t\t\t<div class=\"content\">\r\n\t\t\t\t\t\t\t\t<h5>3D vizualizacija obiteljske vile - Bor\u010dec, Zagreb, Hrvatska<\/h5>\r\n\t\t\t\t\t\t\t\t\t\t\t<\/div>\r\n                  <a class=\"link\" href=\"#\" data-popup-json=\"{&quot;title&quot;:&quot;3D vizualizacija obiteljske vile - Bor\\u010dec, Zagreb, Hrvatska&quot;,&quot;desc&quot;:false,&quot;image&quot;:{&quot;url&quot;:&quot;https:\\\/\\\/l33t.digital\\\/noformat\\\/wp-content\\\/uploads\\\/2021\\\/11\\\/3D-vizualizacija-obiteljske-vile-Borcec-Zagreb-Hrvatska.jpg&quot;,&quot;w&quot;:1920,&quot;h&quot;:1152},&quot;post_id&quot;:3105,&quot;likes&quot;:0,&quot;projectLink&quot;:&quot;https:\\\/\\\/l33t.digital\\\/noformat\\\/hr\\\/pt-portfolio\\\/3d-visualization-of-family-villa-borcec-zagreb-croatia\\\/&quot;,&quot;projectLinkTarget&quot;:&quot;_self&quot;}\" data-id=\"43\" ><\/a>        \t\t\t<\/div>\r\n\t\t<\/article>\r\n\t\t\t\t<article class=\"portfolio-item col-12 col-sm-4 col-lg-3 portfolio-masonry-item category-16 popup-item image-center\">\r\n\t\t\t<div class=\"wrap\">\r\n\t\t\t\t\t\t\t\t\t<div class=\"a-img\">\r\n            <img width=\"1156\" height=\"883\" src=\"https:\/\/l33t.digital\/noformat\/wp-content\/uploads\/2020\/09\/3d_vizualizacija_eksterijer_toronto_kanada.jpg\" class=\"attachment-full size-full\" alt=\"3d vizualizacija eksterijera\" decoding=\"async\" loading=\"lazy\" srcset=\"https:\/\/l33t.digital\/noformat\/wp-content\/uploads\/2020\/09\/3d_vizualizacija_eksterijer_toronto_kanada.jpg 1156w, https:\/\/l33t.digital\/noformat\/wp-content\/uploads\/2020\/09\/3d_vizualizacija_eksterijer_toronto_kanada-300x229.jpg 300w, https:\/\/l33t.digital\/noformat\/wp-content\/uploads\/2020\/09\/3d_vizualizacija_eksterijer_toronto_kanada-1024x782.jpg 1024w, https:\/\/l33t.digital\/noformat\/wp-content\/uploads\/2020\/09\/3d_vizualizacija_eksterijer_toronto_kanada-768x587.jpg 768w, https:\/\/l33t.digital\/noformat\/wp-content\/uploads\/2020\/09\/3d_vizualizacija_eksterijer_toronto_kanada-70x53.jpg 70w\" sizes=\"(max-width: 1156px) 100vw, 1156px\" \/>                      <\/div>\r\n\t\t\t\t\t\t\t\t<div class=\"content\">\r\n\t\t\t\t\t\t\t\t<h5>3D vizualizacija eksterijera u Torontu, Kanada<\/h5>\r\n\t\t\t\t\t\t\t\t\t\t\t<\/div>\r\n                  <a class=\"link\" href=\"#\" data-popup-json=\"{&quot;title&quot;:&quot;3D vizualizacija eksterijera u Torontu, Kanada&quot;,&quot;desc&quot;:false,&quot;image&quot;:{&quot;url&quot;:&quot;https:\\\/\\\/l33t.digital\\\/noformat\\\/wp-content\\\/uploads\\\/2020\\\/09\\\/3d_vizualizacija_eksterijer_toronto_kanada.jpg&quot;,&quot;w&quot;:1156,&quot;h&quot;:883},&quot;post_id&quot;:1945,&quot;likes&quot;:0,&quot;projectLink&quot;:&quot;https:\\\/\\\/l33t.digital\\\/noformat\\\/hr\\\/pt-portfolio\\\/3d-vizualizacija-eksterijera-u-torontu-kanada\\\/&quot;,&quot;projectLinkTarget&quot;:&quot;_self&quot;}\" data-id=\"44\" ><\/a>        \t\t\t<\/div>\r\n\t\t<\/article>\r\n\t\t\t\t<article class=\"portfolio-item col-12 col-sm-4 col-lg-3 portfolio-masonry-item category-16 popup-item image-center\">\r\n\t\t\t<div class=\"wrap\">\r\n\t\t\t\t\t\t\t\t\t<div class=\"a-img\">\r\n            <img width=\"1920\" height=\"1152\" src=\"https:\/\/l33t.digital\/noformat\/wp-content\/uploads\/2021\/11\/3D-vizualizacija-obiteljske-vile-na-Borcecu-Zagreb-Hrvatska.jpg\" class=\"attachment-full size-full\" alt=\"3D vizualizacija obiteljske vile na Bor\u010decu, Zagreb, Hrvatska\" decoding=\"async\" loading=\"lazy\" srcset=\"https:\/\/l33t.digital\/noformat\/wp-content\/uploads\/2021\/11\/3D-vizualizacija-obiteljske-vile-na-Borcecu-Zagreb-Hrvatska.jpg 1920w, https:\/\/l33t.digital\/noformat\/wp-content\/uploads\/2021\/11\/3D-vizualizacija-obiteljske-vile-na-Borcecu-Zagreb-Hrvatska-300x180.jpg 300w, https:\/\/l33t.digital\/noformat\/wp-content\/uploads\/2021\/11\/3D-vizualizacija-obiteljske-vile-na-Borcecu-Zagreb-Hrvatska-1024x614.jpg 1024w, https:\/\/l33t.digital\/noformat\/wp-content\/uploads\/2021\/11\/3D-vizualizacija-obiteljske-vile-na-Borcecu-Zagreb-Hrvatska-768x461.jpg 768w, https:\/\/l33t.digital\/noformat\/wp-content\/uploads\/2021\/11\/3D-vizualizacija-obiteljske-vile-na-Borcecu-Zagreb-Hrvatska-1536x922.jpg 1536w, https:\/\/l33t.digital\/noformat\/wp-content\/uploads\/2021\/11\/3D-vizualizacija-obiteljske-vile-na-Borcecu-Zagreb-Hrvatska-70x42.jpg 70w\" sizes=\"(max-width: 1920px) 100vw, 1920px\" \/>                      <\/div>\r\n\t\t\t\t\t\t\t\t<div class=\"content\">\r\n\t\t\t\t\t\t\t\t<h5>3D vizualizacija obiteljske vile na Bor\u010decu, Zagreb, Hrvatska<\/h5>\r\n\t\t\t\t\t\t\t\t\t\t\t<\/div>\r\n                  <a class=\"link\" href=\"#\" data-popup-json=\"{&quot;title&quot;:&quot;3D vizualizacija obiteljske vile na Bor\\u010decu, Zagreb, Hrvatska&quot;,&quot;desc&quot;:false,&quot;image&quot;:{&quot;url&quot;:&quot;https:\\\/\\\/l33t.digital\\\/noformat\\\/wp-content\\\/uploads\\\/2021\\\/11\\\/3D-vizualizacija-obiteljske-vile-na-Borcecu-Zagreb-Hrvatska.jpg&quot;,&quot;w&quot;:1920,&quot;h&quot;:1152},&quot;post_id&quot;:2995,&quot;likes&quot;:0,&quot;projectLink&quot;:&quot;https:\\\/\\\/l33t.digital\\\/noformat\\\/hr\\\/pt-portfolio\\\/3d-vizualizacija-obiteljske-vile-na-borcecu-zagreb-hrvatska\\\/&quot;,&quot;projectLinkTarget&quot;:&quot;_self&quot;}\" data-id=\"45\" ><\/a>        \t\t\t<\/div>\r\n\t\t<\/article>\r\n\t\t\t\t<article class=\"portfolio-item col-12 col-sm-4 col-lg-3 portfolio-masonry-item category-16 popup-item image-center\">\r\n\t\t\t<div class=\"wrap\">\r\n\t\t\t\t\t\t\t\t\t<div class=\"a-img\">\r\n            <img width=\"1920\" height=\"1080\" src=\"https:\/\/l33t.digital\/noformat\/wp-content\/uploads\/2021\/11\/3D-vizualizacija-aneksa-dvorca-golubovec-Hrvatska.jpg\" class=\"attachment-full size-full\" alt=\"3D vizualizacija aneksa dvorca Golubovec, Donja Stubica, Hrvatska\" decoding=\"async\" loading=\"lazy\" srcset=\"https:\/\/l33t.digital\/noformat\/wp-content\/uploads\/2021\/11\/3D-vizualizacija-aneksa-dvorca-golubovec-Hrvatska.jpg 1920w, https:\/\/l33t.digital\/noformat\/wp-content\/uploads\/2021\/11\/3D-vizualizacija-aneksa-dvorca-golubovec-Hrvatska-300x169.jpg 300w, https:\/\/l33t.digital\/noformat\/wp-content\/uploads\/2021\/11\/3D-vizualizacija-aneksa-dvorca-golubovec-Hrvatska-1024x576.jpg 1024w, https:\/\/l33t.digital\/noformat\/wp-content\/uploads\/2021\/11\/3D-vizualizacija-aneksa-dvorca-golubovec-Hrvatska-768x432.jpg 768w, https:\/\/l33t.digital\/noformat\/wp-content\/uploads\/2021\/11\/3D-vizualizacija-aneksa-dvorca-golubovec-Hrvatska-1536x864.jpg 1536w, https:\/\/l33t.digital\/noformat\/wp-content\/uploads\/2021\/11\/3D-vizualizacija-aneksa-dvorca-golubovec-Hrvatska-70x39.jpg 70w\" sizes=\"(max-width: 1920px) 100vw, 1920px\" \/>                      <\/div>\r\n\t\t\t\t\t\t\t\t<div class=\"content\">\r\n\t\t\t\t\t\t\t\t<h5>3D vizualizacija aneksa dvorca Golubovec, Donja Stubica, Hrvatska<\/h5>\r\n\t\t\t\t\t\t\t\t\t\t\t<\/div>\r\n                  <a class=\"link\" href=\"#\" data-popup-json=\"{&quot;title&quot;:&quot;3D vizualizacija aneksa dvorca Golubovec, Donja Stubica, Hrvatska&quot;,&quot;desc&quot;:false,&quot;image&quot;:{&quot;url&quot;:&quot;https:\\\/\\\/l33t.digital\\\/noformat\\\/wp-content\\\/uploads\\\/2021\\\/11\\\/3D-vizualizacija-aneksa-dvorca-golubovec-Hrvatska.jpg&quot;,&quot;w&quot;:1920,&quot;h&quot;:1080},&quot;post_id&quot;:2986,&quot;likes&quot;:0,&quot;projectLink&quot;:&quot;https:\\\/\\\/l33t.digital\\\/noformat\\\/hr\\\/pt-portfolio\\\/3d-vizualizacija-dvorca-golubovec-donja-stubica-hrvatska\\\/&quot;,&quot;projectLinkTarget&quot;:&quot;_self&quot;}\" data-id=\"46\" ><\/a>        \t\t\t<\/div>\r\n\t\t<\/article>\r\n\t\t\t\t<article class=\"portfolio-item col-12 col-sm-4 col-lg-3 portfolio-masonry-item category-16 popup-item image-center\">\r\n\t\t\t<div class=\"wrap\">\r\n\t\t\t\t\t\t\t\t\t<div class=\"a-img\">\r\n            <img width=\"1920\" height=\"1080\" src=\"https:\/\/l33t.digital\/noformat\/wp-content\/uploads\/2021\/11\/3D-vizualizacija-Dvorca-Golubovec-Hrvatska-1.jpg\" class=\"attachment-full size-full\" alt=\"3D vizualizacija Dvorca Golubovec, Donja Stubica, Hrvatska\" decoding=\"async\" loading=\"lazy\" srcset=\"https:\/\/l33t.digital\/noformat\/wp-content\/uploads\/2021\/11\/3D-vizualizacija-Dvorca-Golubovec-Hrvatska-1.jpg 1920w, https:\/\/l33t.digital\/noformat\/wp-content\/uploads\/2021\/11\/3D-vizualizacija-Dvorca-Golubovec-Hrvatska-1-300x169.jpg 300w, https:\/\/l33t.digital\/noformat\/wp-content\/uploads\/2021\/11\/3D-vizualizacija-Dvorca-Golubovec-Hrvatska-1-1024x576.jpg 1024w, https:\/\/l33t.digital\/noformat\/wp-content\/uploads\/2021\/11\/3D-vizualizacija-Dvorca-Golubovec-Hrvatska-1-768x432.jpg 768w, https:\/\/l33t.digital\/noformat\/wp-content\/uploads\/2021\/11\/3D-vizualizacija-Dvorca-Golubovec-Hrvatska-1-1536x864.jpg 1536w, https:\/\/l33t.digital\/noformat\/wp-content\/uploads\/2021\/11\/3D-vizualizacija-Dvorca-Golubovec-Hrvatska-1-70x39.jpg 70w\" sizes=\"(max-width: 1920px) 100vw, 1920px\" \/>                      <\/div>\r\n\t\t\t\t\t\t\t\t<div class=\"content\">\r\n\t\t\t\t\t\t\t\t<h5>3D vizualizacija Dvorca Golubovec, Donja Stubica, Hrvatska<\/h5>\r\n\t\t\t\t\t\t\t\t\t\t\t<\/div>\r\n                  <a class=\"link\" href=\"#\" data-popup-json=\"{&quot;title&quot;:&quot;3D vizualizacija Dvorca Golubovec, Donja Stubica, Hrvatska&quot;,&quot;desc&quot;:false,&quot;image&quot;:{&quot;url&quot;:&quot;https:\\\/\\\/l33t.digital\\\/noformat\\\/wp-content\\\/uploads\\\/2021\\\/11\\\/3D-vizualizacija-Dvorca-Golubovec-Hrvatska-1.jpg&quot;,&quot;w&quot;:1920,&quot;h&quot;:1080},&quot;post_id&quot;:2981,&quot;likes&quot;:0,&quot;projectLink&quot;:&quot;https:\\\/\\\/l33t.digital\\\/noformat\\\/hr\\\/pt-portfolio\\\/3d-vizualizacija-dvorca-golubovec-hrvatska\\\/&quot;,&quot;projectLinkTarget&quot;:&quot;_self&quot;}\" data-id=\"47\" ><\/a>        \t\t\t<\/div>\r\n\t\t<\/article>\r\n\t\t\t\t<article class=\"portfolio-item col-12 col-sm-4 col-lg-3 portfolio-masonry-item category-16 popup-item image-center\">\r\n\t\t\t<div class=\"wrap\">\r\n\t\t\t\t\t\t\t\t\t<div class=\"a-img\">\r\n            <img width=\"1440\" height=\"1920\" src=\"https:\/\/l33t.digital\/noformat\/wp-content\/uploads\/2020\/09\/3d_vizualizacija_eksterijer_zgrada_ljubljana.jpg\" class=\"attachment-full size-full\" alt=\"3d vizualizacija eksterijera poslovnog objekta\" decoding=\"async\" loading=\"lazy\" srcset=\"https:\/\/l33t.digital\/noformat\/wp-content\/uploads\/2020\/09\/3d_vizualizacija_eksterijer_zgrada_ljubljana.jpg 1440w, https:\/\/l33t.digital\/noformat\/wp-content\/uploads\/2020\/09\/3d_vizualizacija_eksterijer_zgrada_ljubljana-225x300.jpg 225w, https:\/\/l33t.digital\/noformat\/wp-content\/uploads\/2020\/09\/3d_vizualizacija_eksterijer_zgrada_ljubljana-768x1024.jpg 768w, https:\/\/l33t.digital\/noformat\/wp-content\/uploads\/2020\/09\/3d_vizualizacija_eksterijer_zgrada_ljubljana-1152x1536.jpg 1152w, https:\/\/l33t.digital\/noformat\/wp-content\/uploads\/2020\/09\/3d_vizualizacija_eksterijer_zgrada_ljubljana-53x70.jpg 53w\" sizes=\"(max-width: 1440px) 100vw, 1440px\" \/>                      <\/div>\r\n\t\t\t\t\t\t\t\t<div class=\"content\">\r\n\t\t\t\t\t\t\t\t<h5>3D vizualizacija eksterijera zgrade u Ljubljani, Slovenija<\/h5>\r\n\t\t\t\t\t\t\t\t\t\t\t<\/div>\r\n                  <a class=\"link\" href=\"#\" data-popup-json=\"{&quot;title&quot;:&quot;3D vizualizacija eksterijera zgrade u Ljubljani, Slovenija&quot;,&quot;desc&quot;:false,&quot;image&quot;:{&quot;url&quot;:&quot;https:\\\/\\\/l33t.digital\\\/noformat\\\/wp-content\\\/uploads\\\/2020\\\/09\\\/3d_vizualizacija_eksterijer_zgrada_ljubljana.jpg&quot;,&quot;w&quot;:1440,&quot;h&quot;:1920},&quot;post_id&quot;:1910,&quot;likes&quot;:0,&quot;projectLink&quot;:&quot;https:\\\/\\\/l33t.digital\\\/noformat\\\/hr\\\/pt-portfolio\\\/3d-vizualizacija-eksterijera-zgrade-u-ljubljani-2\\\/&quot;,&quot;projectLinkTarget&quot;:&quot;_self&quot;}\" data-id=\"48\" ><\/a>        \t\t\t<\/div>\r\n\t\t<\/article>\r\n\t\t\t\t<article class=\"portfolio-item col-12 col-sm-4 col-lg-3 portfolio-masonry-item category-16 popup-item image-center\">\r\n\t\t\t<div class=\"wrap\">\r\n\t\t\t\t\t\t\t\t\t<div class=\"a-img\">\r\n            <img width=\"1920\" height=\"1080\" src=\"https:\/\/l33t.digital\/noformat\/wp-content\/uploads\/2020\/09\/3d_vizualizacija_eksterijer_zgrada_ljubljana2.jpg\" class=\"attachment-full size-full\" alt=\"3d vizualizacija eksterijera poslovnog objekta\" decoding=\"async\" loading=\"lazy\" srcset=\"https:\/\/l33t.digital\/noformat\/wp-content\/uploads\/2020\/09\/3d_vizualizacija_eksterijer_zgrada_ljubljana2.jpg 1920w, https:\/\/l33t.digital\/noformat\/wp-content\/uploads\/2020\/09\/3d_vizualizacija_eksterijer_zgrada_ljubljana2-300x169.jpg 300w, https:\/\/l33t.digital\/noformat\/wp-content\/uploads\/2020\/09\/3d_vizualizacija_eksterijer_zgrada_ljubljana2-1024x576.jpg 1024w, https:\/\/l33t.digital\/noformat\/wp-content\/uploads\/2020\/09\/3d_vizualizacija_eksterijer_zgrada_ljubljana2-768x432.jpg 768w, https:\/\/l33t.digital\/noformat\/wp-content\/uploads\/2020\/09\/3d_vizualizacija_eksterijer_zgrada_ljubljana2-1536x864.jpg 1536w, https:\/\/l33t.digital\/noformat\/wp-content\/uploads\/2020\/09\/3d_vizualizacija_eksterijer_zgrada_ljubljana2-70x39.jpg 70w\" sizes=\"(max-width: 1920px) 100vw, 1920px\" \/>                      <\/div>\r\n\t\t\t\t\t\t\t\t<div class=\"content\">\r\n\t\t\t\t\t\t\t\t<h5>3D vizualizacija eksterijera zgrade u Ljubljani, Slovenija<\/h5>\r\n\t\t\t\t\t\t\t\t\t\t\t<\/div>\r\n                  <a class=\"link\" href=\"#\" data-popup-json=\"{&quot;title&quot;:&quot;3D vizualizacija eksterijera zgrade u Ljubljani, Slovenija&quot;,&quot;desc&quot;:false,&quot;image&quot;:{&quot;url&quot;:&quot;https:\\\/\\\/l33t.digital\\\/noformat\\\/wp-content\\\/uploads\\\/2020\\\/09\\\/3d_vizualizacija_eksterijer_zgrada_ljubljana2.jpg&quot;,&quot;w&quot;:1920,&quot;h&quot;:1080},&quot;post_id&quot;:1908,&quot;likes&quot;:0,&quot;projectLink&quot;:&quot;https:\\\/\\\/l33t.digital\\\/noformat\\\/hr\\\/pt-portfolio\\\/3d-vizualizacija-eksterijera-zgrade-u-ljubljani\\\/&quot;,&quot;projectLinkTarget&quot;:&quot;_self&quot;}\" data-id=\"49\" ><\/a>        \t\t\t<\/div>\r\n\t\t<\/article>\r\n\t\t\t\t<article class=\"portfolio-item col-12 col-sm-4 col-lg-3 portfolio-masonry-item category-16 popup-item image-center\">\r\n\t\t\t<div class=\"wrap\">\r\n\t\t\t\t\t\t\t\t\t<div class=\"a-img\">\r\n            <img width=\"1920\" height=\"1440\" src=\"https:\/\/l33t.digital\/noformat\/wp-content\/uploads\/2020\/09\/3d_vizualizacija_eksterijer_obiteljska_vila_split.jpg\" class=\"attachment-full size-full\" alt=\"3d vizualizacija eksterijera obiteljske vile\" decoding=\"async\" loading=\"lazy\" srcset=\"https:\/\/l33t.digital\/noformat\/wp-content\/uploads\/2020\/09\/3d_vizualizacija_eksterijer_obiteljska_vila_split.jpg 1920w, https:\/\/l33t.digital\/noformat\/wp-content\/uploads\/2020\/09\/3d_vizualizacija_eksterijer_obiteljska_vila_split-300x225.jpg 300w, https:\/\/l33t.digital\/noformat\/wp-content\/uploads\/2020\/09\/3d_vizualizacija_eksterijer_obiteljska_vila_split-1024x768.jpg 1024w, https:\/\/l33t.digital\/noformat\/wp-content\/uploads\/2020\/09\/3d_vizualizacija_eksterijer_obiteljska_vila_split-768x576.jpg 768w, https:\/\/l33t.digital\/noformat\/wp-content\/uploads\/2020\/09\/3d_vizualizacija_eksterijer_obiteljska_vila_split-1536x1152.jpg 1536w, https:\/\/l33t.digital\/noformat\/wp-content\/uploads\/2020\/09\/3d_vizualizacija_eksterijer_obiteljska_vila_split-70x53.jpg 70w\" sizes=\"(max-width: 1920px) 100vw, 1920px\" \/>                      <\/div>\r\n\t\t\t\t\t\t\t\t<div class=\"content\">\r\n\t\t\t\t\t\t\t\t<h5>3D vizualizacija obiteljske ku\u0107e, Split<\/h5>\r\n\t\t\t\t\t\t\t\t\t\t\t<\/div>\r\n                  <a class=\"link\" href=\"#\" data-popup-json=\"{&quot;title&quot;:&quot;3D vizualizacija obiteljske ku\\u0107e, Split&quot;,&quot;desc&quot;:false,&quot;image&quot;:{&quot;url&quot;:&quot;https:\\\/\\\/l33t.digital\\\/noformat\\\/wp-content\\\/uploads\\\/2020\\\/09\\\/3d_vizualizacija_eksterijer_obiteljska_vila_split.jpg&quot;,&quot;w&quot;:1920,&quot;h&quot;:1440},&quot;post_id&quot;:1905,&quot;likes&quot;:0,&quot;projectLink&quot;:&quot;https:\\\/\\\/l33t.digital\\\/noformat\\\/hr\\\/pt-portfolio\\\/3d-vizualizacija-obiteljske-kuce-split\\\/&quot;,&quot;projectLinkTarget&quot;:&quot;_self&quot;}\" data-id=\"50\" ><\/a>        \t\t\t<\/div>\r\n\t\t<\/article>\r\n\t\t\t\t<article class=\"portfolio-item col-12 col-sm-4 col-lg-3 portfolio-masonry-item category-16 popup-item image-center\">\r\n\t\t\t<div class=\"wrap\">\r\n\t\t\t\t\t\t\t\t\t<div class=\"a-img\">\r\n            <img width=\"1920\" height=\"960\" src=\"https:\/\/l33t.digital\/noformat\/wp-content\/uploads\/2020\/09\/3d_vizualizacija_eksterijer_obiteljska_kuca_varazdin.jpg\" class=\"attachment-full size-full\" alt=\"3d vizualizacija eksterijera obiteljske ku\u0107e\" decoding=\"async\" loading=\"lazy\" srcset=\"https:\/\/l33t.digital\/noformat\/wp-content\/uploads\/2020\/09\/3d_vizualizacija_eksterijer_obiteljska_kuca_varazdin.jpg 1920w, https:\/\/l33t.digital\/noformat\/wp-content\/uploads\/2020\/09\/3d_vizualizacija_eksterijer_obiteljska_kuca_varazdin-300x150.jpg 300w, https:\/\/l33t.digital\/noformat\/wp-content\/uploads\/2020\/09\/3d_vizualizacija_eksterijer_obiteljska_kuca_varazdin-1024x512.jpg 1024w, https:\/\/l33t.digital\/noformat\/wp-content\/uploads\/2020\/09\/3d_vizualizacija_eksterijer_obiteljska_kuca_varazdin-768x384.jpg 768w, https:\/\/l33t.digital\/noformat\/wp-content\/uploads\/2020\/09\/3d_vizualizacija_eksterijer_obiteljska_kuca_varazdin-1536x768.jpg 1536w, https:\/\/l33t.digital\/noformat\/wp-content\/uploads\/2020\/09\/3d_vizualizacija_eksterijer_obiteljska_kuca_varazdin-70x35.jpg 70w\" sizes=\"(max-width: 1920px) 100vw, 1920px\" \/>                      <\/div>\r\n\t\t\t\t\t\t\t\t<div class=\"content\">\r\n\t\t\t\t\t\t\t\t<h5>3D vizualizacija obiteljske ku\u0107e u Vara\u017edinu<\/h5>\r\n\t\t\t\t\t\t\t\t\t\t\t<\/div>\r\n                  <a class=\"link\" href=\"#\" data-popup-json=\"{&quot;title&quot;:&quot;3D vizualizacija obiteljske ku\\u0107e u Vara\\u017edinu&quot;,&quot;desc&quot;:false,&quot;image&quot;:{&quot;url&quot;:&quot;https:\\\/\\\/l33t.digital\\\/noformat\\\/wp-content\\\/uploads\\\/2020\\\/09\\\/3d_vizualizacija_eksterijer_obiteljska_kuca_varazdin.jpg&quot;,&quot;w&quot;:1920,&quot;h&quot;:960},&quot;post_id&quot;:1921,&quot;likes&quot;:0,&quot;projectLink&quot;:&quot;https:\\\/\\\/l33t.digital\\\/noformat\\\/hr\\\/pt-portfolio\\\/3d-vizualizacija-obiteljske-kuce-u-varazdinu\\\/&quot;,&quot;projectLinkTarget&quot;:&quot;_self&quot;}\" data-id=\"51\" ><\/a>        \t\t\t<\/div>\r\n\t\t<\/article>\r\n\t\t\t\t<article class=\"portfolio-item col-12 col-sm-4 col-lg-3 portfolio-masonry-item category-16 popup-item image-center\">\r\n\t\t\t<div class=\"wrap\">\r\n\t\t\t\t\t\t\t\t\t<div class=\"a-img\">\r\n            <img width=\"1704\" height=\"1900\" src=\"https:\/\/l33t.digital\/noformat\/wp-content\/uploads\/2020\/09\/3d_vizualizacija_eksterijer_poslovna_zgrada_roterdam.jpg\" class=\"attachment-full size-full\" alt=\"3d vizualizacija eksterijera poslovne zgrade\" decoding=\"async\" loading=\"lazy\" srcset=\"https:\/\/l33t.digital\/noformat\/wp-content\/uploads\/2020\/09\/3d_vizualizacija_eksterijer_poslovna_zgrada_roterdam.jpg 1704w, https:\/\/l33t.digital\/noformat\/wp-content\/uploads\/2020\/09\/3d_vizualizacija_eksterijer_poslovna_zgrada_roterdam-269x300.jpg 269w, https:\/\/l33t.digital\/noformat\/wp-content\/uploads\/2020\/09\/3d_vizualizacija_eksterijer_poslovna_zgrada_roterdam-918x1024.jpg 918w, https:\/\/l33t.digital\/noformat\/wp-content\/uploads\/2020\/09\/3d_vizualizacija_eksterijer_poslovna_zgrada_roterdam-768x856.jpg 768w, https:\/\/l33t.digital\/noformat\/wp-content\/uploads\/2020\/09\/3d_vizualizacija_eksterijer_poslovna_zgrada_roterdam-1378x1536.jpg 1378w, https:\/\/l33t.digital\/noformat\/wp-content\/uploads\/2020\/09\/3d_vizualizacija_eksterijer_poslovna_zgrada_roterdam-63x70.jpg 63w\" sizes=\"(max-width: 1704px) 100vw, 1704px\" \/>                      <\/div>\r\n\t\t\t\t\t\t\t\t<div class=\"content\">\r\n\t\t\t\t\t\t\t\t<h5>3D vizualizacija eksterijera poslovne zgrade u Rotterdamu, Nizozemska<\/h5>\r\n\t\t\t\t\t\t\t\t\t\t\t<\/div>\r\n                  <a class=\"link\" href=\"#\" data-popup-json=\"{&quot;title&quot;:&quot;3D vizualizacija eksterijera poslovne zgrade u Rotterdamu, Nizozemska&quot;,&quot;desc&quot;:false,&quot;image&quot;:{&quot;url&quot;:&quot;https:\\\/\\\/l33t.digital\\\/noformat\\\/wp-content\\\/uploads\\\/2020\\\/09\\\/3d_vizualizacija_eksterijer_poslovna_zgrada_roterdam.jpg&quot;,&quot;w&quot;:1704,&quot;h&quot;:1900},&quot;post_id&quot;:1926,&quot;likes&quot;:0,&quot;projectLink&quot;:&quot;https:\\\/\\\/l33t.digital\\\/noformat\\\/hr\\\/pt-portfolio\\\/3d-vizualizacija-eksterijera-poslovne-zgrade-u-rotterdamu\\\/&quot;,&quot;projectLinkTarget&quot;:&quot;_self&quot;}\" data-id=\"52\" ><\/a>        \t\t\t<\/div>\r\n\t\t<\/article>\r\n\t\t\t\t<article class=\"portfolio-item col-12 col-sm-4 col-lg-3 portfolio-masonry-item category-16 popup-item image-center\">\r\n\t\t\t<div class=\"wrap\">\r\n\t\t\t\t\t\t\t\t\t<div class=\"a-img\">\r\n            <img width=\"1920\" height=\"1080\" src=\"https:\/\/l33t.digital\/noformat\/wp-content\/uploads\/2020\/09\/3d_vizualizacija_eksterijer_poslovna_zgrada_eindhoven.jpg\" class=\"attachment-full size-full\" alt=\"3d vizualizacija eksterijera poslovne zgrade\" decoding=\"async\" loading=\"lazy\" srcset=\"https:\/\/l33t.digital\/noformat\/wp-content\/uploads\/2020\/09\/3d_vizualizacija_eksterijer_poslovna_zgrada_eindhoven.jpg 1920w, https:\/\/l33t.digital\/noformat\/wp-content\/uploads\/2020\/09\/3d_vizualizacija_eksterijer_poslovna_zgrada_eindhoven-300x169.jpg 300w, https:\/\/l33t.digital\/noformat\/wp-content\/uploads\/2020\/09\/3d_vizualizacija_eksterijer_poslovna_zgrada_eindhoven-1024x576.jpg 1024w, https:\/\/l33t.digital\/noformat\/wp-content\/uploads\/2020\/09\/3d_vizualizacija_eksterijer_poslovna_zgrada_eindhoven-768x432.jpg 768w, https:\/\/l33t.digital\/noformat\/wp-content\/uploads\/2020\/09\/3d_vizualizacija_eksterijer_poslovna_zgrada_eindhoven-1536x864.jpg 1536w, https:\/\/l33t.digital\/noformat\/wp-content\/uploads\/2020\/09\/3d_vizualizacija_eksterijer_poslovna_zgrada_eindhoven-70x39.jpg 70w\" sizes=\"(max-width: 1920px) 100vw, 1920px\" \/>                      <\/div>\r\n\t\t\t\t\t\t\t\t<div class=\"content\">\r\n\t\t\t\t\t\t\t\t<h5>3D vizualizacija eksterijera poslovne zgrade u Eindhovenu, Nizozemska<\/h5>\r\n\t\t\t\t\t\t\t\t\t\t\t<\/div>\r\n                  <a class=\"link\" href=\"#\" data-popup-json=\"{&quot;title&quot;:&quot;3D vizualizacija eksterijera poslovne zgrade u Eindhovenu, Nizozemska&quot;,&quot;desc&quot;:false,&quot;image&quot;:{&quot;url&quot;:&quot;https:\\\/\\\/l33t.digital\\\/noformat\\\/wp-content\\\/uploads\\\/2020\\\/09\\\/3d_vizualizacija_eksterijer_poslovna_zgrada_eindhoven.jpg&quot;,&quot;w&quot;:1920,&quot;h&quot;:1080},&quot;post_id&quot;:1939,&quot;likes&quot;:0,&quot;projectLink&quot;:&quot;https:\\\/\\\/l33t.digital\\\/noformat\\\/hr\\\/pt-portfolio\\\/3d-vizualizacija-eksterijera-poslovne-zgrade-u-eindhovenu\\\/&quot;,&quot;projectLinkTarget&quot;:&quot;_self&quot;}\" data-id=\"53\" ><\/a>        \t\t\t<\/div>\r\n\t\t<\/article>\r\n\t\t\t\t<article class=\"portfolio-item col-12 col-sm-4 col-lg-3 portfolio-masonry-item category-16 popup-item image-center\">\r\n\t\t\t<div class=\"wrap\">\r\n\t\t\t\t\t\t\t\t\t<div class=\"a-img\">\r\n            <img width=\"1584\" height=\"1080\" src=\"https:\/\/l33t.digital\/noformat\/wp-content\/uploads\/2020\/09\/3d_vizualizacija_eksterijer_obiteljska_vila_zagreb.jpg\" class=\"attachment-full size-full\" alt=\"3d vizualizacija eksterijera obiteljske vile\" decoding=\"async\" loading=\"lazy\" srcset=\"https:\/\/l33t.digital\/noformat\/wp-content\/uploads\/2020\/09\/3d_vizualizacija_eksterijer_obiteljska_vila_zagreb.jpg 1584w, https:\/\/l33t.digital\/noformat\/wp-content\/uploads\/2020\/09\/3d_vizualizacija_eksterijer_obiteljska_vila_zagreb-300x205.jpg 300w, https:\/\/l33t.digital\/noformat\/wp-content\/uploads\/2020\/09\/3d_vizualizacija_eksterijer_obiteljska_vila_zagreb-1024x698.jpg 1024w, https:\/\/l33t.digital\/noformat\/wp-content\/uploads\/2020\/09\/3d_vizualizacija_eksterijer_obiteljska_vila_zagreb-768x524.jpg 768w, https:\/\/l33t.digital\/noformat\/wp-content\/uploads\/2020\/09\/3d_vizualizacija_eksterijer_obiteljska_vila_zagreb-1536x1047.jpg 1536w, https:\/\/l33t.digital\/noformat\/wp-content\/uploads\/2020\/09\/3d_vizualizacija_eksterijer_obiteljska_vila_zagreb-70x48.jpg 70w\" sizes=\"(max-width: 1584px) 100vw, 1584px\" \/>                      <\/div>\r\n\t\t\t\t\t\t\t\t<div class=\"content\">\r\n\t\t\t\t\t\t\t\t<h5>3D vizualizacija eksterijera obiteljske vile u Zagrebu<\/h5>\r\n\t\t\t\t\t\t\t\t\t\t\t<\/div>\r\n                  <a class=\"link\" href=\"#\" data-popup-json=\"{&quot;title&quot;:&quot;3D vizualizacija eksterijera obiteljske vile u Zagrebu&quot;,&quot;desc&quot;:false,&quot;image&quot;:{&quot;url&quot;:&quot;https:\\\/\\\/l33t.digital\\\/noformat\\\/wp-content\\\/uploads\\\/2020\\\/09\\\/3d_vizualizacija_eksterijer_obiteljska_vila_zagreb.jpg&quot;,&quot;w&quot;:1584,&quot;h&quot;:1080},&quot;post_id&quot;:1942,&quot;likes&quot;:0,&quot;projectLink&quot;:&quot;https:\\\/\\\/l33t.digital\\\/noformat\\\/hr\\\/pt-portfolio\\\/3d-vizualizacija-eksterijera-obiteljske-vile-u-zagrebu\\\/&quot;,&quot;projectLinkTarget&quot;:&quot;_self&quot;}\" data-id=\"54\" ><\/a>        \t\t\t<\/div>\r\n\t\t<\/article>\r\n\t\t\t\t<article class=\"portfolio-item col-12 col-sm-4 col-lg-3 portfolio-masonry-item category-16 popup-item image-center\">\r\n\t\t\t<div class=\"wrap\">\r\n\t\t\t\t\t\t\t\t\t<div class=\"a-img\">\r\n            <img width=\"2500\" height=\"1000\" src=\"https:\/\/l33t.digital\/noformat\/wp-content\/uploads\/2020\/09\/3d_vizualizacija_eksterijer_poslovna_zagrada_zurich.jpg\" class=\"attachment-full size-full\" alt=\"3d vizualizacija eksterijera poslovne zgrade\" decoding=\"async\" loading=\"lazy\" srcset=\"https:\/\/l33t.digital\/noformat\/wp-content\/uploads\/2020\/09\/3d_vizualizacija_eksterijer_poslovna_zagrada_zurich.jpg 2500w, https:\/\/l33t.digital\/noformat\/wp-content\/uploads\/2020\/09\/3d_vizualizacija_eksterijer_poslovna_zagrada_zurich-300x120.jpg 300w, https:\/\/l33t.digital\/noformat\/wp-content\/uploads\/2020\/09\/3d_vizualizacija_eksterijer_poslovna_zagrada_zurich-1024x410.jpg 1024w, https:\/\/l33t.digital\/noformat\/wp-content\/uploads\/2020\/09\/3d_vizualizacija_eksterijer_poslovna_zagrada_zurich-768x307.jpg 768w, https:\/\/l33t.digital\/noformat\/wp-content\/uploads\/2020\/09\/3d_vizualizacija_eksterijer_poslovna_zagrada_zurich-1536x614.jpg 1536w, https:\/\/l33t.digital\/noformat\/wp-content\/uploads\/2020\/09\/3d_vizualizacija_eksterijer_poslovna_zagrada_zurich-2048x819.jpg 2048w, https:\/\/l33t.digital\/noformat\/wp-content\/uploads\/2020\/09\/3d_vizualizacija_eksterijer_poslovna_zagrada_zurich-70x28.jpg 70w\" sizes=\"(max-width: 2500px) 100vw, 2500px\" \/>                      <\/div>\r\n\t\t\t\t\t\t\t\t<div class=\"content\">\r\n\t\t\t\t\t\t\t\t<h5>3D vizualizacija eksterijera poslovne zgrade u Z\u00fcrichu, \u0160vicarska<\/h5>\r\n\t\t\t\t\t\t\t\t\t\t\t<\/div>\r\n                  <a class=\"link\" href=\"#\" data-popup-json=\"{&quot;title&quot;:&quot;3D vizualizacija eksterijera poslovne zgrade u Z\\u00fcrichu, \\u0160vicarska&quot;,&quot;desc&quot;:false,&quot;image&quot;:{&quot;url&quot;:&quot;https:\\\/\\\/l33t.digital\\\/noformat\\\/wp-content\\\/uploads\\\/2020\\\/09\\\/3d_vizualizacija_eksterijer_poslovna_zagrada_zurich.jpg&quot;,&quot;w&quot;:2500,&quot;h&quot;:1000},&quot;post_id&quot;:1949,&quot;likes&quot;:0,&quot;projectLink&quot;:&quot;https:\\\/\\\/l33t.digital\\\/noformat\\\/hr\\\/pt-portfolio\\\/3d-vizualizacija-eksterijera-poslovne-zgrade-u-zurichu-svicarska\\\/&quot;,&quot;projectLinkTarget&quot;:&quot;_self&quot;}\" data-id=\"55\" ><\/a>        \t\t\t<\/div>\r\n\t\t<\/article>\r\n\t\t\t\t<article class=\"portfolio-item col-12 col-sm-4 col-lg-3 portfolio-masonry-item category-16 popup-item image-center\">\r\n\t\t\t<div class=\"wrap\">\r\n\t\t\t\t\t\t\t\t\t<div class=\"a-img\">\r\n            <img width=\"1400\" height=\"933\" src=\"https:\/\/l33t.digital\/noformat\/wp-content\/uploads\/2020\/09\/3d_vizualizacija_eksterijer_stambene_zagrade_novi_zagreb.jpg\" class=\"attachment-full size-full\" alt=\"3d vizualizacija ekterijera stambenog objekta\" decoding=\"async\" loading=\"lazy\" srcset=\"https:\/\/l33t.digital\/noformat\/wp-content\/uploads\/2020\/09\/3d_vizualizacija_eksterijer_stambene_zagrade_novi_zagreb.jpg 1400w, https:\/\/l33t.digital\/noformat\/wp-content\/uploads\/2020\/09\/3d_vizualizacija_eksterijer_stambene_zagrade_novi_zagreb-300x200.jpg 300w, https:\/\/l33t.digital\/noformat\/wp-content\/uploads\/2020\/09\/3d_vizualizacija_eksterijer_stambene_zagrade_novi_zagreb-1024x682.jpg 1024w, https:\/\/l33t.digital\/noformat\/wp-content\/uploads\/2020\/09\/3d_vizualizacija_eksterijer_stambene_zagrade_novi_zagreb-768x512.jpg 768w, https:\/\/l33t.digital\/noformat\/wp-content\/uploads\/2020\/09\/3d_vizualizacija_eksterijer_stambene_zagrade_novi_zagreb-70x47.jpg 70w\" sizes=\"(max-width: 1400px) 100vw, 1400px\" \/>                      <\/div>\r\n\t\t\t\t\t\t\t\t<div class=\"content\">\r\n\t\t\t\t\t\t\t\t<h5>3D vizualizacija eksterijera stambene zagrade u Novom Zagrebu<\/h5>\r\n\t\t\t\t\t\t\t\t\t\t\t<\/div>\r\n                  <a class=\"link\" href=\"#\" data-popup-json=\"{&quot;title&quot;:&quot;3D vizualizacija eksterijera stambene zagrade u Novom Zagrebu&quot;,&quot;desc&quot;:false,&quot;image&quot;:{&quot;url&quot;:&quot;https:\\\/\\\/l33t.digital\\\/noformat\\\/wp-content\\\/uploads\\\/2020\\\/09\\\/3d_vizualizacija_eksterijer_stambene_zagrade_novi_zagreb.jpg&quot;,&quot;w&quot;:1400,&quot;h&quot;:933},&quot;post_id&quot;:1946,&quot;likes&quot;:0,&quot;projectLink&quot;:&quot;https:\\\/\\\/l33t.digital\\\/noformat\\\/hr\\\/pt-portfolio\\\/3d-vizualizacija-eksterijera-stambene-zagrade-u-novom-zagrebu\\\/&quot;,&quot;projectLinkTarget&quot;:&quot;_self&quot;}\" data-id=\"56\" ><\/a>        \t\t\t<\/div>\r\n\t\t<\/article>\r\n\t\t\t\t<article class=\"portfolio-item col-12 col-sm-4 col-lg-3 portfolio-masonry-item category-16 popup-item image-center\">\r\n\t\t\t<div class=\"wrap\">\r\n\t\t\t\t\t\t\t\t\t<div class=\"a-img\">\r\n            <img width=\"1200\" height=\"774\" src=\"https:\/\/l33t.digital\/noformat\/wp-content\/uploads\/2020\/09\/3d_vizualizacija_eksterijera_zgrada_eindhoven.jpg\" class=\"attachment-full size-full\" alt=\"3d vizualizacija eksterijera poslovne zgrade\" decoding=\"async\" loading=\"lazy\" srcset=\"https:\/\/l33t.digital\/noformat\/wp-content\/uploads\/2020\/09\/3d_vizualizacija_eksterijera_zgrada_eindhoven.jpg 1200w, https:\/\/l33t.digital\/noformat\/wp-content\/uploads\/2020\/09\/3d_vizualizacija_eksterijera_zgrada_eindhoven-300x194.jpg 300w, https:\/\/l33t.digital\/noformat\/wp-content\/uploads\/2020\/09\/3d_vizualizacija_eksterijera_zgrada_eindhoven-1024x660.jpg 1024w, https:\/\/l33t.digital\/noformat\/wp-content\/uploads\/2020\/09\/3d_vizualizacija_eksterijera_zgrada_eindhoven-768x495.jpg 768w, https:\/\/l33t.digital\/noformat\/wp-content\/uploads\/2020\/09\/3d_vizualizacija_eksterijera_zgrada_eindhoven-70x45.jpg 70w\" sizes=\"(max-width: 1200px) 100vw, 1200px\" \/>                      <\/div>\r\n\t\t\t\t\t\t\t\t<div class=\"content\">\r\n\t\t\t\t\t\t\t\t<h5>3D vizualizacija eksterijera zgrade u Eindhovenu, Nizozemska<\/h5>\r\n\t\t\t\t\t\t\t\t\t\t\t<\/div>\r\n                  <a class=\"link\" href=\"#\" data-popup-json=\"{&quot;title&quot;:&quot;3D vizualizacija eksterijera zgrade u Eindhovenu, Nizozemska&quot;,&quot;desc&quot;:false,&quot;image&quot;:{&quot;url&quot;:&quot;https:\\\/\\\/l33t.digital\\\/noformat\\\/wp-content\\\/uploads\\\/2020\\\/09\\\/3d_vizualizacija_eksterijera_zgrada_eindhoven.jpg&quot;,&quot;w&quot;:1200,&quot;h&quot;:774},&quot;post_id&quot;:1948,&quot;likes&quot;:0,&quot;projectLink&quot;:&quot;https:\\\/\\\/l33t.digital\\\/noformat\\\/hr\\\/pt-portfolio\\\/3d-vizualizacija-eksterijera-zgrade-u-eindhovenu-nizozemska\\\/&quot;,&quot;projectLinkTarget&quot;:&quot;_self&quot;}\" data-id=\"57\" ><\/a>        \t\t\t<\/div>\r\n\t\t<\/article>\r\n\t\t\t\t<article class=\"portfolio-item col-12 col-sm-4 col-lg-3 portfolio-masonry-item category-16 popup-item image-center\">\r\n\t\t\t<div class=\"wrap\">\r\n\t\t\t\t\t\t\t\t\t<div class=\"a-img\">\r\n            <img width=\"1920\" height=\"1080\" src=\"https:\/\/l33t.digital\/noformat\/wp-content\/uploads\/2020\/09\/kuce-u-nizu.jpg\" class=\"attachment-full size-full\" alt=\"3d vizualizacija ku\u0107a u nizu\" decoding=\"async\" loading=\"lazy\" srcset=\"https:\/\/l33t.digital\/noformat\/wp-content\/uploads\/2020\/09\/kuce-u-nizu.jpg 1920w, https:\/\/l33t.digital\/noformat\/wp-content\/uploads\/2020\/09\/kuce-u-nizu-300x169.jpg 300w, https:\/\/l33t.digital\/noformat\/wp-content\/uploads\/2020\/09\/kuce-u-nizu-1024x576.jpg 1024w, https:\/\/l33t.digital\/noformat\/wp-content\/uploads\/2020\/09\/kuce-u-nizu-768x432.jpg 768w, https:\/\/l33t.digital\/noformat\/wp-content\/uploads\/2020\/09\/kuce-u-nizu-1536x864.jpg 1536w, https:\/\/l33t.digital\/noformat\/wp-content\/uploads\/2020\/09\/kuce-u-nizu-70x39.jpg 70w\" sizes=\"(max-width: 1920px) 100vw, 1920px\" \/>                      <\/div>\r\n\t\t\t\t\t\t\t\t<div class=\"content\">\r\n\t\t\t\t\t\t\t\t<h5>3D vizualizacija ku\u0107a u nizu, Zapre\u0161i\u0107<\/h5>\r\n\t\t\t\t\t\t\t\t\t\t\t<\/div>\r\n                  <a class=\"link\" href=\"#\" data-popup-json=\"{&quot;title&quot;:&quot;3D vizualizacija ku\\u0107a u nizu, Zapre\\u0161i\\u0107&quot;,&quot;desc&quot;:false,&quot;image&quot;:{&quot;url&quot;:&quot;https:\\\/\\\/l33t.digital\\\/noformat\\\/wp-content\\\/uploads\\\/2020\\\/09\\\/kuce-u-nizu.jpg&quot;,&quot;w&quot;:1920,&quot;h&quot;:1080},&quot;post_id&quot;:2375,&quot;likes&quot;:0,&quot;projectLink&quot;:&quot;https:\\\/\\\/l33t.digital\\\/noformat\\\/hr\\\/pt-portfolio\\\/3d-vizualizacija-kuca-u-nizu-zapresic\\\/&quot;,&quot;projectLinkTarget&quot;:&quot;_self&quot;}\" data-id=\"58\" ><\/a>        \t\t\t<\/div>\r\n\t\t<\/article>\r\n\t\t\t\t\t\t<\/div>\r\n\t\t\t\t\t\t\t\t\t<\/div>\r\n    [\/vc_column][\/vc_row]<\/p>\n<\/div>","protected":false},"excerpt":{"rendered":"<p>[vc_row full_width=&#8221;stretch_row_content&#8221; uniqid=&#8221;5f54f000f62d7&#8243;][vc_column][vc_custom_heading text=&#8221;Eksterijeri&#8221; font_container=&#8221;tag:h1|text_align:center&#8221; use_theme_fonts=&#8221;yes&#8221; decor_line=&#8221;on&#8221;][vc_empty_space][\/vc_column][\/vc_row]<\/p>\n","protected":false},"author":1,"featured_media":0,"parent":0,"menu_order":0,"comment_status":"closed","ping_status":"closed","template":"template-landing.php","meta":{"footnotes":""},"acf":[],"yoast_head":"<!-- This site is optimized with the Yoast SEO plugin v21.3 - https:\/\/yoast.com\/wordpress\/plugins\/seo\/ -->\n<title>Eksterijeri - Format3D<\/title>\n<meta name=\"description\" content=\"Provjerite izbor na\u0161ih radova iz podru\u010dja 3D vizualizacije, tlocrta ku\u0107a i prikaza proizvoda na koje smo ponosni.\" \/>\n<meta name=\"robots\" content=\"index, follow, max-snippet:-1, max-image-preview:large, max-video-preview:-1\" \/>\n<link rel=\"canonical\" href=\"https:\/\/l33t.digital\/noformat\/eksterijeri\/\" \/>\n<meta property=\"og:locale\" content=\"hr_HR\" \/>\n<meta property=\"og:type\" content=\"article\" \/>\n<meta property=\"og:title\" content=\"Eksterijeri - Format3D\" \/>\n<meta property=\"og:description\" content=\"Provjerite izbor na\u0161ih radova iz podru\u010dja 3D vizualizacije, tlocrta ku\u0107a i prikaza proizvoda na koje smo ponosni.\" \/>\n<meta property=\"og:url\" content=\"https:\/\/l33t.digital\/noformat\/eksterijeri\/\" \/>\n<meta property=\"og:site_name\" content=\"Format3D\" \/>\n<meta property=\"article:publisher\" content=\"https:\/\/www.facebook.com\/Format-3D-103684621480508\" \/>\n<meta property=\"article:modified_time\" content=\"2022-02-17T10:02:28+00:00\" \/>\n<meta property=\"og:image\" content=\"https:\/\/l33t.digital\/noformat\/wp-content\/uploads\/2020\/09\/format3d-light.png\" \/>\n\t<meta property=\"og:image:width\" content=\"613\" \/>\n\t<meta property=\"og:image:height\" content=\"192\" \/>\n\t<meta property=\"og:image:type\" content=\"image\/png\" \/>\n<meta name=\"twitter:card\" content=\"summary_large_image\" \/>\n<meta name=\"twitter:label1\" content=\"Procijenjeno vrijeme \u010ditanja\" \/>\n\t<meta name=\"twitter:data1\" content=\"1 minuta\" \/>\n<script type=\"application\/ld+json\" class=\"yoast-schema-graph\">{\"@context\":\"https:\/\/schema.org\",\"@graph\":[{\"@type\":\"WebPage\",\"@id\":\"https:\/\/l33t.digital\/noformat\/eksterijeri\/\",\"url\":\"https:\/\/l33t.digital\/noformat\/eksterijeri\/\",\"name\":\"Eksterijeri - Format3D\",\"isPartOf\":{\"@id\":\"https:\/\/l33t.digital\/noformat\/en\/#website\"},\"datePublished\":\"2022-02-17T09:52:24+00:00\",\"dateModified\":\"2022-02-17T10:02:28+00:00\",\"description\":\"Provjerite izbor na\u0161ih radova iz podru\u010dja 3D vizualizacije, tlocrta ku\u0107a i prikaza proizvoda na koje smo ponosni.\",\"breadcrumb\":{\"@id\":\"https:\/\/l33t.digital\/noformat\/eksterijeri\/#breadcrumb\"},\"inLanguage\":\"hr\",\"potentialAction\":[{\"@type\":\"ReadAction\",\"target\":[\"https:\/\/l33t.digital\/noformat\/eksterijeri\/\"]}]},{\"@type\":\"BreadcrumbList\",\"@id\":\"https:\/\/l33t.digital\/noformat\/eksterijeri\/#breadcrumb\",\"itemListElement\":[{\"@type\":\"ListItem\",\"position\":1,\"name\":\"Po\u010detna stranica\",\"item\":\"https:\/\/l33t.digital\/noformat\/\"},{\"@type\":\"ListItem\",\"position\":2,\"name\":\"Eksterijeri\"}]},{\"@type\":\"WebSite\",\"@id\":\"https:\/\/l33t.digital\/noformat\/en\/#website\",\"url\":\"https:\/\/l33t.digital\/noformat\/en\/\",\"name\":\"Format3D\",\"description\":\"3D vizualizacije i 3D modeliranje\",\"publisher\":{\"@id\":\"https:\/\/l33t.digital\/noformat\/en\/#organization\"},\"potentialAction\":[{\"@type\":\"SearchAction\",\"target\":{\"@type\":\"EntryPoint\",\"urlTemplate\":\"https:\/\/l33t.digital\/noformat\/en\/?s={search_term_string}\"},\"query-input\":\"required name=search_term_string\"}],\"inLanguage\":\"hr\"},{\"@type\":\"Organization\",\"@id\":\"https:\/\/l33t.digital\/noformat\/en\/#organization\",\"name\":\"Format 3D\",\"url\":\"https:\/\/l33t.digital\/noformat\/en\/\",\"logo\":{\"@type\":\"ImageObject\",\"inLanguage\":\"hr\",\"@id\":\"https:\/\/l33t.digital\/noformat\/en\/#\/schema\/logo\/image\/\",\"url\":\"https:\/\/l33t.digital\/noformat\/wp-content\/uploads\/2020\/09\/format3d-light.png\",\"contentUrl\":\"https:\/\/l33t.digital\/noformat\/wp-content\/uploads\/2020\/09\/format3d-light.png\",\"width\":613,\"height\":192,\"caption\":\"Format 3D\"},\"image\":{\"@id\":\"https:\/\/l33t.digital\/noformat\/en\/#\/schema\/logo\/image\/\"},\"sameAs\":[\"https:\/\/www.facebook.com\/Format-3D-103684621480508\",\"https:\/\/www.instagram.com\/format.3d\/\"]}]}<\/script>\n<!-- \/ Yoast SEO plugin. -->","yoast_head_json":{"title":"Eksterijeri - Format3D","description":"Provjerite izbor na\u0161ih radova iz podru\u010dja 3D vizualizacije, tlocrta ku\u0107a i prikaza proizvoda na koje smo ponosni.","robots":{"index":"index","follow":"follow","max-snippet":"max-snippet:-1","max-image-preview":"max-image-preview:large","max-video-preview":"max-video-preview:-1"},"canonical":"https:\/\/l33t.digital\/noformat\/eksterijeri\/","og_locale":"hr_HR","og_type":"article","og_title":"Eksterijeri - Format3D","og_description":"Provjerite izbor na\u0161ih radova iz podru\u010dja 3D vizualizacije, tlocrta ku\u0107a i prikaza proizvoda na koje smo ponosni.","og_url":"https:\/\/l33t.digital\/noformat\/eksterijeri\/","og_site_name":"Format3D","article_publisher":"https:\/\/www.facebook.com\/Format-3D-103684621480508","article_modified_time":"2022-02-17T10:02:28+00:00","og_image":[{"width":613,"height":192,"url":"https:\/\/l33t.digital\/noformat\/wp-content\/uploads\/2020\/09\/format3d-light.png","type":"image\/png"}],"twitter_card":"summary_large_image","twitter_misc":{"Procijenjeno vrijeme \u010ditanja":"1 minuta"},"schema":{"@context":"https:\/\/schema.org","@graph":[{"@type":"WebPage","@id":"https:\/\/l33t.digital\/noformat\/eksterijeri\/","url":"https:\/\/l33t.digital\/noformat\/eksterijeri\/","name":"Eksterijeri - Format3D","isPartOf":{"@id":"https:\/\/l33t.digital\/noformat\/en\/#website"},"datePublished":"2022-02-17T09:52:24+00:00","dateModified":"2022-02-17T10:02:28+00:00","description":"Provjerite izbor na\u0161ih radova iz podru\u010dja 3D vizualizacije, tlocrta ku\u0107a i prikaza proizvoda na koje smo ponosni.","breadcrumb":{"@id":"https:\/\/l33t.digital\/noformat\/eksterijeri\/#breadcrumb"},"inLanguage":"hr","potentialAction":[{"@type":"ReadAction","target":["https:\/\/l33t.digital\/noformat\/eksterijeri\/"]}]},{"@type":"BreadcrumbList","@id":"https:\/\/l33t.digital\/noformat\/eksterijeri\/#breadcrumb","itemListElement":[{"@type":"ListItem","position":1,"name":"Po\u010detna stranica","item":"https:\/\/l33t.digital\/noformat\/"},{"@type":"ListItem","position":2,"name":"Eksterijeri"}]},{"@type":"WebSite","@id":"https:\/\/l33t.digital\/noformat\/en\/#website","url":"https:\/\/l33t.digital\/noformat\/en\/","name":"Format3D","description":"3D vizualizacije i 3D modeliranje","publisher":{"@id":"https:\/\/l33t.digital\/noformat\/en\/#organization"},"potentialAction":[{"@type":"SearchAction","target":{"@type":"EntryPoint","urlTemplate":"https:\/\/l33t.digital\/noformat\/en\/?s={search_term_string}"},"query-input":"required name=search_term_string"}],"inLanguage":"hr"},{"@type":"Organization","@id":"https:\/\/l33t.digital\/noformat\/en\/#organization","name":"Format 3D","url":"https:\/\/l33t.digital\/noformat\/en\/","logo":{"@type":"ImageObject","inLanguage":"hr","@id":"https:\/\/l33t.digital\/noformat\/en\/#\/schema\/logo\/image\/","url":"https:\/\/l33t.digital\/noformat\/wp-content\/uploads\/2020\/09\/format3d-light.png","contentUrl":"https:\/\/l33t.digital\/noformat\/wp-content\/uploads\/2020\/09\/format3d-light.png","width":613,"height":192,"caption":"Format 3D"},"image":{"@id":"https:\/\/l33t.digital\/noformat\/en\/#\/schema\/logo\/image\/"},"sameAs":["https:\/\/www.facebook.com\/Format-3D-103684621480508","https:\/\/www.instagram.com\/format.3d\/"]}]}},"_links":{"self":[{"href":"https:\/\/l33t.digital\/noformat\/hr\/wp-json\/wp\/v2\/pages\/5134"}],"collection":[{"href":"https:\/\/l33t.digital\/noformat\/hr\/wp-json\/wp\/v2\/pages"}],"about":[{"href":"https:\/\/l33t.digital\/noformat\/hr\/wp-json\/wp\/v2\/types\/page"}],"author":[{"embeddable":true,"href":"https:\/\/l33t.digital\/noformat\/hr\/wp-json\/wp\/v2\/users\/1"}],"replies":[{"embeddable":true,"href":"https:\/\/l33t.digital\/noformat\/hr\/wp-json\/wp\/v2\/comments?post=5134"}],"version-history":[{"count":2,"href":"https:\/\/l33t.digital\/noformat\/hr\/wp-json\/wp\/v2\/pages\/5134\/revisions"}],"predecessor-version":[{"id":5147,"href":"https:\/\/l33t.digital\/noformat\/hr\/wp-json\/wp\/v2\/pages\/5134\/revisions\/5147"}],"wp:attachment":[{"href":"https:\/\/l33t.digital\/noformat\/hr\/wp-json\/wp\/v2\/media?parent=5134"}],"curies":[{"name":"wp","href":"https:\/\/api.w.org\/{rel}","templated":true}]}}